{"id":36209,"date":"2026-04-27T12:15:05","date_gmt":"2026-04-27T10:15:05","guid":{"rendered":"https:\/\/flamencoson.com\/private-flamenco-dance-lessons\/"},"modified":"2026-04-27T12:15:09","modified_gmt":"2026-04-27T10:15:09","slug":"private-flamenco-dance-lessons","status":"publish","type":"page","link":"https:\/\/flamencoson.com\/en\/private-flamenco-dance-lessons\/","title":{"rendered":"Private Flamenco Dance Lessons"},"content":{"rendered":"\t\t<div data-elementor-type=\"wp-post\" data-elementor-id=\"36209\" class=\"elementor elementor-36209 elementor-34060\" data-elementor-post-type=\"page\">\n\t\t\t\t<div class=\"elementor-element elementor-element-a5bb556 e-flex e-con-boxed e-con e-parent\" data-id=\"a5bb556\" data-element_type=\"container\" data-e-type=\"container\">\n\t\t\t\t\t<div class=\"e-con-inner\">\n\t\t\t\t<div class=\"elementor-element elementor-element-c4bcb12 elementor-widget elementor-widget-text-editor\" data-id=\"c4bcb12\" data-element_type=\"widget\" data-e-type=\"widget\" data-widget_type=\"text-editor.default\">\n\t\t\t\t<div class=\"elementor-widget-container\">\n\t\t\t\t\t\t\t\t\t<h1><span style=\"color: #000000;\">Clases de Baile Flamenco&nbsp;<\/span><\/h1>\n<h4><span style=\"color: #000000;\">En M\u00e1laga, Marbella, Arroyo de la Miel (Benalm\u00e1dena), Mijas, Fuengirola y A Domicilio&nbsp;<\/span><\/h4><h4><span style=\"color: #000000;\">Horarios a medida<\/span><\/h4>\t\t\t\t\t\t\t\t<\/div>\n\t\t\t\t<\/div>\n\t\t\t\t<div class=\"elementor-element elementor-element-1c779fc elementor-widget elementor-widget-text-editor\" data-id=\"1c779fc\" data-element_type=\"widget\" data-e-type=\"widget\" data-widget_type=\"text-editor.default\">\n\t\t\t\t<div class=\"elementor-widget-container\">\n\t\t\t\t\t\t\t\t\t<h1><span style=\"font-weight: normal;\">EXPERIENCIAS DE FLAMENCO 100% DIVERSI\u00d3N GARANTIZADA<\/span><\/h1>\t\t\t\t\t\t\t\t<\/div>\n\t\t\t\t<\/div>\n\t\t\t\t<div class=\"elementor-element elementor-element-7a404b1 elementor-widget elementor-widget-image\" data-id=\"7a404b1\" data-element_type=\"widget\" data-e-type=\"widget\" data-widget_type=\"image.default\">\n\t\t\t\t<div class=\"elementor-widget-container\">\n\t\t\t\t\t\t\t\t\t\t\t\t\t\t\t<img fetchpriority=\"high\" decoding=\"async\" width=\"640\" height=\"305\" src=\"https:\/\/flamencoson.com\/wp-content\/uploads\/2025\/01\/flamenco_dance_class_clases_de_baile_flamenco_malaga_marbella_benalmadena_mijas_fuengirola_review.png\" class=\"attachment-large size-large wp-image-36386\" alt=\"\" srcset=\"https:\/\/flamencoson.com\/wp-content\/uploads\/2025\/01\/flamenco_dance_class_clases_de_baile_flamenco_malaga_marbella_benalmadena_mijas_fuengirola_review.png 956w, https:\/\/flamencoson.com\/wp-content\/uploads\/2025\/01\/flamenco_dance_class_clases_de_baile_flamenco_malaga_marbella_benalmadena_mijas_fuengirola_review-300x143.png 300w, https:\/\/flamencoson.com\/wp-content\/uploads\/2025\/01\/flamenco_dance_class_clases_de_baile_flamenco_malaga_marbella_benalmadena_mijas_fuengirola_review-768x366.png 768w\" sizes=\"(max-width: 34.9rem) calc(100vw - 2rem), (max-width: 53rem) calc(8 * (100vw \/ 12)), (min-width: 53rem) calc(6 * (100vw \/ 12)), 100vw\" \/>\t\t\t\t\t\t\t\t\t\t\t\t\t\t\t<\/div>\n\t\t\t\t<\/div>\n\t\t\t\t\t<\/div>\n\t\t\t\t<\/div>\n\t\t\t\t<section class=\"elementor-section elementor-top-section elementor-element elementor-element-47227641 animated-slow elementor-section-boxed elementor-section-height-default elementor-section-height-default elementor-invisible\" data-id=\"47227641\" data-element_type=\"section\" data-e-type=\"section\" data-settings=\"{&quot;animation&quot;:&quot;bounceInLeft&quot;}\">\n\t\t\t\t\t\t<div class=\"elementor-container elementor-column-gap-no\">\n\t\t\t\t\t<div class=\"elementor-column elementor-col-100 elementor-top-column elementor-element elementor-element-4cdc7536\" data-id=\"4cdc7536\" data-element_type=\"column\" data-e-type=\"column\">\n\t\t\t<div class=\"elementor-widget-wrap elementor-element-populated\">\n\t\t\t\t\t\t<div class=\"elementor-element elementor-element-e5afd8a elementor-align-center elementor-widget elementor-widget-button\" data-id=\"e5afd8a\" data-element_type=\"widget\" data-e-type=\"widget\" data-widget_type=\"button.default\">\n\t\t\t\t<div class=\"elementor-widget-container\">\n\t\t\t\t\t\t\t\t\t<div class=\"elementor-button-wrapper\">\n\t\t\t\t\t<a class=\"elementor-button elementor-button-link elementor-size-md\" href=\"https:\/\/flamencoson.com\/tarifas-colaboradores\">\n\t\t\t\t\t\t<span class=\"elementor-button-content-wrapper\">\n\t\t\t\t\t\t<span class=\"elementor-button-icon\">\n\t\t\t\t<svg aria-hidden=\"true\" class=\"e-font-icon-svg e-fas-euro-sign\" viewBox=\"0 0 320 512\" xmlns=\"http:\/\/www.w3.org\/2000\/svg\"><path d=\"M310.706 413.765c-1.314-6.63-7.835-10.872-14.424-9.369-10.692 2.439-27.422 5.413-45.426 5.413-56.763 0-101.929-34.79-121.461-85.449h113.689a12 12 0 0 0 11.708-9.369l6.373-28.36c1.686-7.502-4.019-14.631-11.708-14.631H115.22c-1.21-14.328-1.414-28.287.137-42.245H261.95a12 12 0 0 0 11.723-9.434l6.512-29.755c1.638-7.484-4.061-14.566-11.723-14.566H130.184c20.633-44.991 62.69-75.03 117.619-75.03 14.486 0 28.564 2.25 37.851 4.145 6.216 1.268 12.347-2.498 14.002-8.623l11.991-44.368c1.822-6.741-2.465-13.616-9.326-14.917C290.217 34.912 270.71 32 249.635 32 152.451 32 74.03 92.252 45.075 176H12c-6.627 0-12 5.373-12 12v29.755c0 6.627 5.373 12 12 12h21.569c-1.009 13.607-1.181 29.287-.181 42.245H12c-6.627 0-12 5.373-12 12v28.36c0 6.627 5.373 12 12 12h30.114C67.139 414.692 145.264 480 249.635 480c26.301 0 48.562-4.544 61.101-7.788 6.167-1.595 10.027-7.708 8.788-13.957l-8.818-44.49z\"><\/path><\/svg>\t\t\t<\/span>\n\t\t\t\t\t\t\t\t\t<span class=\"elementor-button-text\">VER TARIFAS DE COLABORADORES<\/span>\n\t\t\t\t\t<\/span>\n\t\t\t\t\t<\/a>\n\t\t\t\t<\/div>\n\t\t\t\t\t\t\t\t<\/div>\n\t\t\t\t<\/div>\n\t\t\t\t<div class=\"elementor-element elementor-element-0b124c1 elementor-skin-carousel elementor-arrows-yes elementor-pagination-type-bullets elementor-pagination-position-outside elementor-widget elementor-widget-media-carousel\" data-id=\"0b124c1\" data-element_type=\"widget\" data-e-type=\"widget\" data-settings=\"{&quot;space_between&quot;:{&quot;unit&quot;:&quot;px&quot;,&quot;size&quot;:22,&quot;sizes&quot;:[]},&quot;skin&quot;:&quot;carousel&quot;,&quot;effect&quot;:&quot;slide&quot;,&quot;show_arrows&quot;:&quot;yes&quot;,&quot;pagination&quot;:&quot;bullets&quot;,&quot;speed&quot;:500,&quot;autoplay&quot;:&quot;yes&quot;,&quot;autoplay_speed&quot;:5000,&quot;loop&quot;:&quot;yes&quot;,&quot;pause_on_hover&quot;:&quot;yes&quot;,&quot;pause_on_interaction&quot;:&quot;yes&quot;,&quot;space_between_tablet&quot;:{&quot;unit&quot;:&quot;px&quot;,&quot;size&quot;:10,&quot;sizes&quot;:[]},&quot;space_between_mobile&quot;:{&quot;unit&quot;:&quot;px&quot;,&quot;size&quot;:10,&quot;sizes&quot;:[]}}\" data-widget_type=\"media-carousel.default\">\n\t\t\t\t<div class=\"elementor-widget-container\">\n\t\t\t\t\t\t\t\t\t<div class=\"elementor-swiper\">\n\t\t\t\t\t<div class=\"elementor-main-swiper swiper\" role=\"region\" aria-roledescription=\"carousel\" aria-label=\"Diapositivas\">\n\t\t\t\t<div class=\"swiper-wrapper\">\n\t\t\t\t\t\t\t\t\t\t\t<div class=\"swiper-slide\" role=\"group\" aria-roledescription=\"slide\">\n\t\t\t\t\t\t\t<a href=\"https:\/\/flamencoson.com\/wp-content\/uploads\/2025\/04\/flamenco_dance_class_in_malaga_marbella_mijas_fuengirola_benalmadena_flamencoson.png\" data-elementor-open-lightbox=\"yes\" data-elementor-lightbox-slideshow=\"0b124c1\" data-elementor-lightbox-title=\"flamenco_dance_class_in_malaga_marbella_mijas_fuengirola_benalmadena_flamencoson\" data-e-action-hash=\"#elementor-action%3Aaction%3Dlightbox%26settings%3DeyJpZCI6MzM4NzMsInVybCI6Imh0dHBzOlwvXC9mbGFtZW5jb3Nvbi5jb21cL3dwLWNvbnRlbnRcL3VwbG9hZHNcLzIwMjVcLzA0XC9mbGFtZW5jb19kYW5jZV9jbGFzc19pbl9tYWxhZ2FfbWFyYmVsbGFfbWlqYXNfZnVlbmdpcm9sYV9iZW5hbG1hZGVuYV9mbGFtZW5jb3Nvbi5wbmciLCJzbGlkZXNob3ciOiIwYjEyNGMxIn0%3D\" data-elementor-lightbox-video=\"https:\/\/www.youtube.com\/embed\/g7L1Thbn4uA?feature=oembed&amp;autoplay=1&amp;rel=0&amp;controls=0\">\t\t<div class=\"elementor-carousel-image\" role=\"img\" aria-label=\"flamenco_dance_class_in_malaga_marbella_mijas_fuengirola_benalmadena_flamencoson\" style=\"background-image: url(&#039;https:\/\/flamencoson.com\/wp-content\/uploads\/2025\/04\/flamenco_dance_class_in_malaga_marbella_mijas_fuengirola_benalmadena_flamencoson.png&#039;)\">\n\n\t\t\t\n\t\t\t\t\t\t\t<div class=\"elementor-custom-embed-play\">\n\t\t\t\t\t<svg aria-hidden=\"true\" class=\"e-font-icon-svg e-eicon-play\" viewBox=\"0 0 1000 1000\" xmlns=\"http:\/\/www.w3.org\/2000\/svg\"><path d=\"M838 162C746 71 633 25 500 25 371 25 258 71 163 162 71 254 25 367 25 500 25 633 71 746 163 837 254 929 367 979 500 979 633 979 746 933 838 837 929 746 975 633 975 500 975 367 929 254 838 162M808 192C892 279 933 379 933 500 933 621 892 725 808 808 725 892 621 938 500 938 379 938 279 896 196 808 113 725 67 621 67 500 67 379 108 279 196 192 279 108 383 62 500 62 621 62 721 108 808 192M438 392V642L642 517 438 392Z\"><\/path><\/svg>\t\t\t\t\t<span class=\"elementor-screen-only\">Play<\/span>\n\t\t\t\t<\/div>\n\t\t\t\t\t<\/div>\n\t\t<\/a>\t\t\t\t\t\t<\/div>\n\t\t\t\t\t\t\t\t\t\t\t<div class=\"swiper-slide\" role=\"group\" aria-roledescription=\"slide\">\n\t\t\t\t\t\t\t<a href=\"https:\/\/flamencoson.com\/wp-content\/uploads\/2025\/04\/flamenco_dance_class_in_malaga_marbella_mijas_fuengirola_benalmadena_flamencoson-1.png\" data-elementor-open-lightbox=\"yes\" data-elementor-lightbox-slideshow=\"0b124c1\" data-elementor-lightbox-title=\"flamenco_dance_class_in_malaga_marbella_mijas_fuengirola_benalmadena_flamencoson (1)\" data-e-action-hash=\"#elementor-action%3Aaction%3Dlightbox%26settings%3DeyJpZCI6MzM4NzIsInVybCI6Imh0dHBzOlwvXC9mbGFtZW5jb3Nvbi5jb21cL3dwLWNvbnRlbnRcL3VwbG9hZHNcLzIwMjVcLzA0XC9mbGFtZW5jb19kYW5jZV9jbGFzc19pbl9tYWxhZ2FfbWFyYmVsbGFfbWlqYXNfZnVlbmdpcm9sYV9iZW5hbG1hZGVuYV9mbGFtZW5jb3Nvbi0xLnBuZyIsInNsaWRlc2hvdyI6IjBiMTI0YzEifQ%3D%3D\" data-elementor-lightbox-video=\"https:\/\/www.youtube.com\/embed\/ah1cxZH_eMw?feature=oembed&amp;autoplay=1&amp;rel=0&amp;controls=0\">\t\t<div class=\"elementor-carousel-image\" role=\"img\" aria-label=\"flamenco_dance_class_in_malaga_marbella_mijas_fuengirola_benalmadena_flamencoson (1)\" style=\"background-image: url(&#039;https:\/\/flamencoson.com\/wp-content\/uploads\/2025\/04\/flamenco_dance_class_in_malaga_marbella_mijas_fuengirola_benalmadena_flamencoson-1.png&#039;)\">\n\n\t\t\t\n\t\t\t\t\t\t\t<div class=\"elementor-custom-embed-play\">\n\t\t\t\t\t<svg aria-hidden=\"true\" class=\"e-font-icon-svg e-eicon-play\" viewBox=\"0 0 1000 1000\" xmlns=\"http:\/\/www.w3.org\/2000\/svg\"><path d=\"M838 162C746 71 633 25 500 25 371 25 258 71 163 162 71 254 25 367 25 500 25 633 71 746 163 837 254 929 367 979 500 979 633 979 746 933 838 837 929 746 975 633 975 500 975 367 929 254 838 162M808 192C892 279 933 379 933 500 933 621 892 725 808 808 725 892 621 938 500 938 379 938 279 896 196 808 113 725 67 621 67 500 67 379 108 279 196 192 279 108 383 62 500 62 621 62 721 108 808 192M438 392V642L642 517 438 392Z\"><\/path><\/svg>\t\t\t\t\t<span class=\"elementor-screen-only\">Play<\/span>\n\t\t\t\t<\/div>\n\t\t\t\t\t<\/div>\n\t\t<\/a>\t\t\t\t\t\t<\/div>\n\t\t\t\t\t\t\t\t\t\t\t<div class=\"swiper-slide\" role=\"group\" aria-roledescription=\"slide\">\n\t\t\t\t\t\t\t<a href=\"https:\/\/flamencoson.com\/wp-content\/uploads\/2025\/04\/flamenco_dance_class_in_malaga_marbella_mijas_fuengirola_benalmadena_flamencoson-1.png\" data-elementor-open-lightbox=\"yes\" data-elementor-lightbox-slideshow=\"0b124c1\" data-elementor-lightbox-title=\"flamenco_dance_class_in_malaga_marbella_mijas_fuengirola_benalmadena_flamencoson (1)\" data-e-action-hash=\"#elementor-action%3Aaction%3Dlightbox%26settings%3DeyJpZCI6MzM4NzIsInVybCI6Imh0dHBzOlwvXC9mbGFtZW5jb3Nvbi5jb21cL3dwLWNvbnRlbnRcL3VwbG9hZHNcLzIwMjVcLzA0XC9mbGFtZW5jb19kYW5jZV9jbGFzc19pbl9tYWxhZ2FfbWFyYmVsbGFfbWlqYXNfZnVlbmdpcm9sYV9iZW5hbG1hZGVuYV9mbGFtZW5jb3Nvbi0xLnBuZyIsInNsaWRlc2hvdyI6IjBiMTI0YzEifQ%3D%3D\" data-elementor-lightbox-video=\"https:\/\/www.youtube.com\/embed\/KFiyNdm7Zik?feature=oembed&amp;autoplay=1&amp;rel=0&amp;controls=0\">\t\t<div class=\"elementor-carousel-image\" role=\"img\" aria-label=\"flamenco_dance_class_in_malaga_marbella_mijas_fuengirola_benalmadena_flamencoson (1)\" style=\"background-image: url(&#039;https:\/\/flamencoson.com\/wp-content\/uploads\/2025\/04\/flamenco_dance_class_in_malaga_marbella_mijas_fuengirola_benalmadena_flamencoson-1.png&#039;)\">\n\n\t\t\t\n\t\t\t\t\t\t\t<div class=\"elementor-custom-embed-play\">\n\t\t\t\t\t<svg aria-hidden=\"true\" class=\"e-font-icon-svg e-eicon-play\" viewBox=\"0 0 1000 1000\" xmlns=\"http:\/\/www.w3.org\/2000\/svg\"><path d=\"M838 162C746 71 633 25 500 25 371 25 258 71 163 162 71 254 25 367 25 500 25 633 71 746 163 837 254 929 367 979 500 979 633 979 746 933 838 837 929 746 975 633 975 500 975 367 929 254 838 162M808 192C892 279 933 379 933 500 933 621 892 725 808 808 725 892 621 938 500 938 379 938 279 896 196 808 113 725 67 621 67 500 67 379 108 279 196 192 279 108 383 62 500 62 621 62 721 108 808 192M438 392V642L642 517 438 392Z\"><\/path><\/svg>\t\t\t\t\t<span class=\"elementor-screen-only\">Play<\/span>\n\t\t\t\t<\/div>\n\t\t\t\t\t<\/div>\n\t\t<\/a>\t\t\t\t\t\t<\/div>\n\t\t\t\t\t\t\t\t\t<\/div>\n\t\t\t\t\t\t\t\t\t\t\t\t\t\t\t<div class=\"elementor-swiper-button elementor-swiper-button-prev\" role=\"button\" tabindex=\"0\" aria-label=\"Previous\">\n\t\t\t\t\t\t\t<svg aria-hidden=\"true\" class=\"e-font-icon-svg e-eicon-chevron-left\" viewBox=\"0 0 1000 1000\" xmlns=\"http:\/\/www.w3.org\/2000\/svg\"><path d=\"M646 125C629 125 613 133 604 142L308 442C296 454 292 471 292 487 292 504 296 521 308 533L604 854C617 867 629 875 646 875 663 875 679 871 692 858 704 846 713 829 713 812 713 796 708 779 692 767L438 487 692 225C700 217 708 204 708 187 708 171 704 154 692 142 675 129 663 125 646 125Z\"><\/path><\/svg>\t\t\t\t\t\t<\/div>\n\t\t\t\t\t\t<div class=\"elementor-swiper-button elementor-swiper-button-next\" role=\"button\" tabindex=\"0\" aria-label=\"Next\">\n\t\t\t\t\t\t\t<svg aria-hidden=\"true\" class=\"e-font-icon-svg e-eicon-chevron-right\" viewBox=\"0 0 1000 1000\" xmlns=\"http:\/\/www.w3.org\/2000\/svg\"><path d=\"M696 533C708 521 713 504 713 487 713 471 708 454 696 446L400 146C388 133 375 125 354 125 338 125 325 129 313 142 300 154 292 171 292 187 292 204 296 221 308 233L563 492 304 771C292 783 288 800 288 817 288 833 296 850 308 863 321 871 338 875 354 875 371 875 388 867 400 854L696 533Z\"><\/path><\/svg>\t\t\t\t\t\t<\/div>\n\t\t\t\t\t\t\t\t\t\t\t\t\t\t\t\t<div class=\"swiper-pagination\"><\/div>\n\t\t\t\t\t\t\t\t\t\t\t\t<\/div>\n\t\t\t\t<\/div>\n\t\t\t\t\t\t\t\t<\/div>\n\t\t\t\t<\/div>\n\t\t\t\t<div class=\"elementor-element elementor-element-d02127c elementor-widget elementor-widget-text-editor\" data-id=\"d02127c\" data-element_type=\"widget\" data-e-type=\"widget\" data-widget_type=\"text-editor.default\">\n\t\t\t\t<div class=\"elementor-widget-container\">\n\t\t\t\t\t\t\t\t\t<p><span style=\"color: #000000;\">Si quieres divertirte, te gusta bailar y te encanta el flamenco, vive una <b>clase de baile flamenco en M\u00e1laga, en Marbella, en Arroyo de la Miel (Benalm\u00e1dena), en Mijas, Fuengirola o a domicilio<\/b> (dentro y fuera de Espa\u00f1a) <b>100% divertida <\/b>y personaliza tu experiencia como quieras: v\u00edstete de flamenca, participa en una verdadera fiesta flamenca, asiste a un tablao flamenco, etc.<\/span><\/p>\t\t\t\t\t\t\t\t<\/div>\n\t\t\t\t<\/div>\n\t\t\t\t<div class=\"elementor-element elementor-element-1205d02 elementor-widget elementor-widget-image\" data-id=\"1205d02\" data-element_type=\"widget\" data-e-type=\"widget\" data-widget_type=\"image.default\">\n\t\t\t\t<div class=\"elementor-widget-container\">\n\t\t\t\t\t\t\t\t\t\t\t\t\t\t\t<img decoding=\"async\" width=\"2560\" height=\"946\" src=\"https:\/\/flamencoson.com\/wp-content\/uploads\/2024\/08\/original-scaled.jpg\" class=\"attachment-full size-full wp-image-36385\" alt=\"\" srcset=\"https:\/\/flamencoson.com\/wp-content\/uploads\/2024\/08\/original-scaled.jpg 2560w, https:\/\/flamencoson.com\/wp-content\/uploads\/2024\/08\/original-300x111.jpg 300w, https:\/\/flamencoson.com\/wp-content\/uploads\/2024\/08\/original-1024x378.jpg 1024w, https:\/\/flamencoson.com\/wp-content\/uploads\/2024\/08\/original-768x284.jpg 768w, https:\/\/flamencoson.com\/wp-content\/uploads\/2024\/08\/original-1536x567.jpg 1536w, https:\/\/flamencoson.com\/wp-content\/uploads\/2024\/08\/original-2048x756.jpg 2048w, https:\/\/flamencoson.com\/wp-content\/uploads\/2024\/08\/original-1568x579.jpg 1568w\" sizes=\"(max-width: 34.9rem) calc(100vw - 2rem), (max-width: 53rem) calc(8 * (100vw \/ 12)), (min-width: 53rem) calc(6 * (100vw \/ 12)), 100vw\" \/>\t\t\t\t\t\t\t\t\t\t\t\t\t\t\t<\/div>\n\t\t\t\t<\/div>\n\t\t\t\t\t<\/div>\n\t\t<\/div>\n\t\t\t\t\t<\/div>\n\t\t<\/section>\n\t\t\t\t<section class=\"elementor-section elementor-top-section elementor-element elementor-element-44d40582 elementor-section-boxed elementor-section-height-default elementor-section-height-default\" data-id=\"44d40582\" data-element_type=\"section\" data-e-type=\"section\">\n\t\t\t\t\t\t<div class=\"elementor-container elementor-column-gap-default\">\n\t\t\t\t\t<div class=\"elementor-column elementor-col-100 elementor-top-column elementor-element elementor-element-2029b656\" data-id=\"2029b656\" data-element_type=\"column\" data-e-type=\"column\">\n\t\t\t<div class=\"elementor-widget-wrap elementor-element-populated\">\n\t\t\t\t\t\t<div class=\"elementor-element elementor-element-c1cda5d elementor-toc--minimized-on-tablet elementor-widget elementor-widget-table-of-contents\" data-id=\"c1cda5d\" data-element_type=\"widget\" data-e-type=\"widget\" data-settings=\"{&quot;exclude_headings_by_selector&quot;:[],&quot;no_headings_message&quot;:&quot;No se ha encontrado ning\\u00fan encabezado en esta p\\u00e1gina.&quot;,&quot;headings_by_tags&quot;:[&quot;h2&quot;,&quot;h3&quot;,&quot;h4&quot;,&quot;h5&quot;,&quot;h6&quot;],&quot;marker_view&quot;:&quot;numbers&quot;,&quot;minimize_box&quot;:&quot;yes&quot;,&quot;minimized_on&quot;:&quot;tablet&quot;,&quot;hierarchical_view&quot;:&quot;yes&quot;,&quot;min_height&quot;:{&quot;unit&quot;:&quot;px&quot;,&quot;size&quot;:&quot;&quot;,&quot;sizes&quot;:[]},&quot;min_height_tablet&quot;:{&quot;unit&quot;:&quot;px&quot;,&quot;size&quot;:&quot;&quot;,&quot;sizes&quot;:[]},&quot;min_height_mobile&quot;:{&quot;unit&quot;:&quot;px&quot;,&quot;size&quot;:&quot;&quot;,&quot;sizes&quot;:[]}}\" data-widget_type=\"table-of-contents.default\">\n\t\t\t\t<div class=\"elementor-widget-container\">\n\t\t\t\t\t\t\t\t\t<div class=\"elementor-toc__header\">\n\t\t\t\t\t\t<h2 class=\"elementor-toc__header-title\">\n\t\t\t\t\u00cdNDICE\t\t\t<\/h2>\n\t\t\t\t\t\t\t\t\t\t<div class=\"elementor-toc__toggle-button elementor-toc__toggle-button--expand\" role=\"button\" tabindex=\"0\" aria-controls=\"elementor-toc__c1cda5d\" aria-expanded=\"true\" aria-label=\"Open table of contents\"><svg aria-hidden=\"true\" class=\"e-font-icon-svg e-fas-chevron-down\" viewBox=\"0 0 448 512\" xmlns=\"http:\/\/www.w3.org\/2000\/svg\"><path d=\"M207.029 381.476L12.686 187.132c-9.373-9.373-9.373-24.569 0-33.941l22.667-22.667c9.357-9.357 24.522-9.375 33.901-.04L224 284.505l154.745-154.021c9.379-9.335 24.544-9.317 33.901.04l22.667 22.667c9.373 9.373 9.373 24.569 0 33.941L240.971 381.476c-9.373 9.372-24.569 9.372-33.942 0z\"><\/path><\/svg><\/div>\n\t\t\t\t<div class=\"elementor-toc__toggle-button elementor-toc__toggle-button--collapse\" role=\"button\" tabindex=\"0\" aria-controls=\"elementor-toc__c1cda5d\" aria-expanded=\"true\" aria-label=\"Close table of contents\"><svg aria-hidden=\"true\" class=\"e-font-icon-svg e-fas-chevron-up\" viewBox=\"0 0 448 512\" xmlns=\"http:\/\/www.w3.org\/2000\/svg\"><path d=\"M240.971 130.524l194.343 194.343c9.373 9.373 9.373 24.569 0 33.941l-22.667 22.667c-9.357 9.357-24.522 9.375-33.901.04L224 227.495 69.255 381.516c-9.379 9.335-24.544 9.317-33.901-.04l-22.667-22.667c-9.373-9.373-9.373-24.569 0-33.941L207.03 130.525c9.372-9.373 24.568-9.373 33.941-.001z\"><\/path><\/svg><\/div>\n\t\t\t\t\t<\/div>\n\t\t\t\t<div id=\"elementor-toc__c1cda5d\" class=\"elementor-toc__body\">\n\t\t\t<div class=\"elementor-toc__spinner-container\">\n\t\t\t\t<svg class=\"elementor-toc__spinner eicon-animation-spin e-font-icon-svg e-eicon-loading\" aria-hidden=\"true\" viewBox=\"0 0 1000 1000\" xmlns=\"http:\/\/www.w3.org\/2000\/svg\"><path d=\"M500 975V858C696 858 858 696 858 500S696 142 500 142 142 304 142 500H25C25 237 238 25 500 25S975 237 975 500 763 975 500 975Z\"><\/path><\/svg>\t\t\t<\/div>\n\t\t<\/div>\n\t\t\t\t\t\t<\/div>\n\t\t\t\t<\/div>\n\t\t\t\t<div class=\"elementor-element elementor-element-b3a67fd elementor-headline--style-highlight elementor-widget elementor-widget-animated-headline\" data-id=\"b3a67fd\" data-element_type=\"widget\" data-e-type=\"widget\" data-settings=\"{&quot;highlighted_text&quot;:&quot;CLASE DE BAILE FLAMENCO&quot;,&quot;headline_style&quot;:&quot;highlight&quot;,&quot;marker&quot;:&quot;circle&quot;,&quot;loop&quot;:&quot;yes&quot;,&quot;highlight_animation_duration&quot;:1200,&quot;highlight_iteration_delay&quot;:8000}\" data-widget_type=\"animated-headline.default\">\n\t\t\t\t<div class=\"elementor-widget-container\">\n\t\t\t\t\t\t\t<h3 class=\"elementor-headline\">\n\t\t\t\t\t<span class=\"elementor-headline-plain-text elementor-headline-text-wrapper\">Promesa formativa de la <\/span>\n\t\t\t\t<span class=\"elementor-headline-dynamic-wrapper elementor-headline-text-wrapper\">\n\t\t\t\t\t<span class=\"elementor-headline-dynamic-text elementor-headline-text-active\">CLASE DE BAILE FLAMENCO<\/span>\n\t\t\t\t<\/span>\n\t\t\t\t<\/h3>\n\t\t\t\t\t\t<\/div>\n\t\t\t\t<\/div>\n\t\t\t\t<div class=\"elementor-element elementor-element-eef2264 elementor-widget elementor-widget-text-editor\" data-id=\"eef2264\" data-element_type=\"widget\" data-e-type=\"widget\" data-widget_type=\"text-editor.default\">\n\t\t\t\t<div class=\"elementor-widget-container\">\n\t\t\t\t\t\t\t\t\t<ul><li>Aprender\u00e1s una coreograf\u00eda de baile flamenco de fiesta \ud83d\udc83\ud83d\udd7a<\/li><li>Te reir\u00e1s mucho \ud83e\udd23\ud83e\udd23\ud83e\udd23<\/li><li>Sudar\u00e1s bastante \ud83d\ude05<\/li><li>No olvidar\u00e1s esta vivencia, que adem\u00e1s te llevar\u00e1s grabada en v\u00eddeo \ud83d\udcf9<\/li><\/ul>\t\t\t\t\t\t\t\t<\/div>\n\t\t\t\t<\/div>\n\t\t\t\t<div class=\"elementor-element elementor-element-d7fd0ee elementor-headline--style-highlight elementor-widget elementor-widget-animated-headline\" data-id=\"d7fd0ee\" data-element_type=\"widget\" data-e-type=\"widget\" data-settings=\"{&quot;highlighted_text&quot;:&quot;IDEAL PARA&quot;,&quot;headline_style&quot;:&quot;highlight&quot;,&quot;marker&quot;:&quot;circle&quot;,&quot;loop&quot;:&quot;yes&quot;,&quot;highlight_animation_duration&quot;:1200,&quot;highlight_iteration_delay&quot;:8000}\" data-widget_type=\"animated-headline.default\">\n\t\t\t\t<div class=\"elementor-widget-container\">\n\t\t\t\t\t\t\t<h3 class=\"elementor-headline\">\n\t\t\t\t\t<span class=\"elementor-headline-plain-text elementor-headline-text-wrapper\">La experiencia de baile flamenco<\/span>\n\t\t\t\t<span class=\"elementor-headline-dynamic-wrapper elementor-headline-text-wrapper\">\n\t\t\t\t\t<span class=\"elementor-headline-dynamic-text elementor-headline-text-active\">IDEAL PARA<\/span>\n\t\t\t\t<\/span>\n\t\t\t\t<\/h3>\n\t\t\t\t\t\t<\/div>\n\t\t\t\t<\/div>\n\t\t\t\t<div class=\"elementor-element elementor-element-a98bbe2 elementor-widget elementor-widget-text-editor\" data-id=\"a98bbe2\" data-element_type=\"widget\" data-e-type=\"widget\" data-widget_type=\"text-editor.default\">\n\t\t\t\t<div class=\"elementor-widget-container\">\n\t\t\t\t\t\t\t\t\t<ul><li>Una persona, parejas o grupos<\/li><li>Turistas con inquietudes culturales, estudiantes de espa\u00f1ol, etc.<\/li><li>Celebrar:\u00a0<ul><li>despedidas de soltera o de casada,\u00a0<\/li><li>bodas,\u00a0<\/li><li>cumplea\u00f1os,\u00a0<\/li><li>programas de incentivos,\u00a0<\/li><li>etc.<\/li><\/ul><\/li><li>Iniciarse en el baile flamenco de fiesta de una forma muy divertida<\/li><\/ul>\t\t\t\t\t\t\t\t<\/div>\n\t\t\t\t<\/div>\n\t\t\t\t<div class=\"elementor-element elementor-element-89cef72 elementor-headline--style-highlight elementor-widget elementor-widget-animated-headline\" data-id=\"89cef72\" data-element_type=\"widget\" data-e-type=\"widget\" data-settings=\"{&quot;highlighted_text&quot;:&quot;C\\u00d3MO Y D\\u00d3NDE&quot;,&quot;headline_style&quot;:&quot;highlight&quot;,&quot;marker&quot;:&quot;circle&quot;,&quot;loop&quot;:&quot;yes&quot;,&quot;highlight_animation_duration&quot;:1200,&quot;highlight_iteration_delay&quot;:8000}\" data-widget_type=\"animated-headline.default\">\n\t\t\t\t<div class=\"elementor-widget-container\">\n\t\t\t\t\t\t\t<h3 class=\"elementor-headline\">\n\t\t\t\t<span class=\"elementor-headline-dynamic-wrapper elementor-headline-text-wrapper\">\n\t\t\t\t\t<span class=\"elementor-headline-dynamic-text elementor-headline-text-active\">C\u00d3MO Y D\u00d3NDE<\/span>\n\t\t\t\t<\/span>\n\t\t\t\t\t<span class=\"elementor-headline-plain-text elementor-headline-text-wrapper\">disfrutar de una clase de baile flamenco<\/span>\n\t\t\t\t\t<\/h3>\n\t\t\t\t\t\t<\/div>\n\t\t\t\t<\/div>\n\t\t\t\t<div class=\"elementor-element elementor-element-469c689 elementor-widget elementor-widget-text-editor\" data-id=\"469c689\" data-element_type=\"widget\" data-e-type=\"widget\" data-widget_type=\"text-editor.default\">\n\t\t\t\t<div class=\"elementor-widget-container\">\n\t\t\t\t\t\t\t\t\t<ul><li>Duraci\u00f3n: 60 minutos<\/li><li>Localizaciones: salas de baile o de hotel en M\u00e1laga, Marbella, Arroyo de la Miel (Benalm\u00e1dena), Mijas, Fuengirola o a domicilio dentro y fuera de Espa\u00f1a<\/li><li>Imparte: profesora profesional<\/li><li>Idiomas: ingl\u00e9s y espa\u00f1ol<\/li><\/ul>\t\t\t\t\t\t\t\t<\/div>\n\t\t\t\t<\/div>\n\t\t\t\t<div class=\"elementor-element elementor-element-0e7400a elementor-headline--style-highlight elementor-widget elementor-widget-animated-headline\" data-id=\"0e7400a\" data-element_type=\"widget\" data-e-type=\"widget\" data-settings=\"{&quot;highlighted_text&quot;:&quot;M\\u00c9TODO FLAMENCOSON&quot;,&quot;headline_style&quot;:&quot;highlight&quot;,&quot;marker&quot;:&quot;circle&quot;,&quot;loop&quot;:&quot;yes&quot;,&quot;highlight_animation_duration&quot;:1200,&quot;highlight_iteration_delay&quot;:8000}\" data-widget_type=\"animated-headline.default\">\n\t\t\t\t<div class=\"elementor-widget-container\">\n\t\t\t\t\t\t\t<h3 class=\"elementor-headline\">\n\t\t\t\t\t<span class=\"elementor-headline-plain-text elementor-headline-text-wrapper\">Por qu\u00e9 confiar en el <\/span>\n\t\t\t\t<span class=\"elementor-headline-dynamic-wrapper elementor-headline-text-wrapper\">\n\t\t\t\t\t<span class=\"elementor-headline-dynamic-text elementor-headline-text-active\">M\u00c9TODO FLAMENCOSON<\/span>\n\t\t\t\t<\/span>\n\t\t\t\t<\/h3>\n\t\t\t\t\t\t<\/div>\n\t\t\t\t<\/div>\n\t\t\t\t<div class=\"elementor-element elementor-element-9419cfa elementor-widget elementor-widget-text-editor\" data-id=\"9419cfa\" data-element_type=\"widget\" data-e-type=\"widget\" data-widget_type=\"text-editor.default\">\n\t\t\t\t<div class=\"elementor-widget-container\">\n\t\t\t\t\t\t\t\t\t<ul><li><a href=\"https:\/\/flamencoson.com\/clases-de-flamenco-online\/\" target=\"_blank\" rel=\"noopener\">Sonia Mar\u00edn Fern\u00e1ndez<\/a>, es la fundadora de la Escuela Internacional de baile flamenco Flamencoson.com<\/li><li>Directora del M\u00e9todo Flamencoson, testado con cientos de alumnos<\/li><li>Profesora espa\u00f1ola, de M\u00e1laga<\/li><li>Profesional con m\u00e1s de 30 a\u00f1os de experiencia docente<\/li><li>Seleccionada a nivel nacional para bailar flamenco en el\u00a0<a href=\"https:\/\/youtu.be\/UxdN5hzt9mI?si=YASwu6WBgJ-UEX9L\" target=\"_blank\" rel=\"noopener\">anuncio de Freixenet<\/a><\/li><\/ul>\t\t\t\t\t\t\t\t<\/div>\n\t\t\t\t<\/div>\n\t\t\t\t<div class=\"elementor-element elementor-element-1279fa7 elementor-headline--style-highlight elementor-widget elementor-widget-animated-headline\" data-id=\"1279fa7\" data-element_type=\"widget\" data-e-type=\"widget\" data-settings=\"{&quot;highlighted_text&quot;:&quot;ANTES DE CLASE&quot;,&quot;headline_style&quot;:&quot;highlight&quot;,&quot;marker&quot;:&quot;circle&quot;,&quot;loop&quot;:&quot;yes&quot;,&quot;highlight_animation_duration&quot;:1200,&quot;highlight_iteration_delay&quot;:8000}\" data-widget_type=\"animated-headline.default\">\n\t\t\t\t<div class=\"elementor-widget-container\">\n\t\t\t\t\t\t\t<h3 class=\"elementor-headline\">\n\t\t\t\t\t<span class=\"elementor-headline-plain-text elementor-headline-text-wrapper\">Opciones premium<\/span>\n\t\t\t\t<span class=\"elementor-headline-dynamic-wrapper elementor-headline-text-wrapper\">\n\t\t\t\t\t<span class=\"elementor-headline-dynamic-text elementor-headline-text-active\">ANTES DE CLASE<\/span>\n\t\t\t\t<\/span>\n\t\t\t\t<\/h3>\n\t\t\t\t\t\t<\/div>\n\t\t\t\t<\/div>\n\t\t\t\t<div class=\"elementor-element elementor-element-a90bb1b elementor-widget elementor-widget-text-editor\" data-id=\"a90bb1b\" data-element_type=\"widget\" data-e-type=\"widget\" data-widget_type=\"text-editor.default\">\n\t\t\t\t<div class=\"elementor-widget-container\">\n\t\t\t\t\t\t\t\t\t<p>Visita una tienda de moda flamenca con gu\u00eda y asesoramiento personalizado<\/p><p>Se propone la experiencia de visitar una tienda de moda flamenca, para asesoramiento personalizado y poder comprar las prendas o complementos flamencos que se deseen lucir en clase o al participar en una fiesta flamenca o para asistir a un espect\u00e1culo de flamenco en vivo.<\/p>\t\t\t\t\t\t\t\t<\/div>\n\t\t\t\t<\/div>\n\t\t\t\t<div class=\"elementor-element elementor-element-4325bf0 elementor-headline--style-highlight elementor-widget elementor-widget-animated-headline\" data-id=\"4325bf0\" data-element_type=\"widget\" data-e-type=\"widget\" data-settings=\"{&quot;highlighted_text&quot;:&quot;DURANTE LA CLASE&quot;,&quot;headline_style&quot;:&quot;highlight&quot;,&quot;marker&quot;:&quot;circle&quot;,&quot;loop&quot;:&quot;yes&quot;,&quot;highlight_animation_duration&quot;:1200,&quot;highlight_iteration_delay&quot;:8000}\" data-widget_type=\"animated-headline.default\">\n\t\t\t\t<div class=\"elementor-widget-container\">\n\t\t\t\t\t\t\t<h3 class=\"elementor-headline\">\n\t\t\t\t\t<span class=\"elementor-headline-plain-text elementor-headline-text-wrapper\">Opciones premium<\/span>\n\t\t\t\t<span class=\"elementor-headline-dynamic-wrapper elementor-headline-text-wrapper\">\n\t\t\t\t\t<span class=\"elementor-headline-dynamic-text elementor-headline-text-active\">DURANTE LA CLASE<\/span>\n\t\t\t\t<\/span>\n\t\t\t\t<\/h3>\n\t\t\t\t\t\t<\/div>\n\t\t\t\t<\/div>\n\t\t\t\t<div class=\"elementor-element elementor-element-fd02a6b elementor-widget elementor-widget-text-editor\" data-id=\"fd02a6b\" data-element_type=\"widget\" data-e-type=\"widget\" data-widget_type=\"text-editor.default\">\n\t\t\t\t<div class=\"elementor-widget-container\">\n\t\t\t\t\t\t\t\t\t<ul><li>Se recomienda la opci\u00f3n de compra, en lugar de la de alquiler de prendas flamencas, por varios motivos:<ul><li>las prendas a elegir para alquilar son mucho m\u00e1s limitadas, por el tipo de tejido y confecci\u00f3n y han de ser ajustadas a la talla de la persona, lo que obliga al desplazamiento a Sevilla, donde est\u00e1n las tiendas proveedoras de moda de alquiler y su taller de costura.<\/li><li>Flamencoson ha seleccionado prendas flamencas de un tejido de punto el\u00e1stico, mucho m\u00e1s adaptable, vers\u00e1til y econ\u00f3mico que las prendas que se alquilan.<\/li><\/ul><\/li><li>Para vivir una experiencia de clase con m\u00fasica en vivo, se puede contratar:<ul><li>Guitarrista flamenco<\/li><li>Guitarra y cante\u00a0<\/li><\/ul><\/li><\/ul>\t\t\t\t\t\t\t\t<\/div>\n\t\t\t\t<\/div>\n\t\t\t\t<div class=\"elementor-element elementor-element-e9689f6 elementor-headline--style-highlight elementor-widget elementor-widget-animated-headline\" data-id=\"e9689f6\" data-element_type=\"widget\" data-e-type=\"widget\" data-settings=\"{&quot;highlighted_text&quot;:&quot;DESPU\\u00c9S DE CLASE&quot;,&quot;headline_style&quot;:&quot;highlight&quot;,&quot;marker&quot;:&quot;circle&quot;,&quot;loop&quot;:&quot;yes&quot;,&quot;highlight_animation_duration&quot;:1200,&quot;highlight_iteration_delay&quot;:8000}\" data-widget_type=\"animated-headline.default\">\n\t\t\t\t<div class=\"elementor-widget-container\">\n\t\t\t\t\t\t\t<h3 class=\"elementor-headline\">\n\t\t\t\t\t<span class=\"elementor-headline-plain-text elementor-headline-text-wrapper\">Opciones premium<\/span>\n\t\t\t\t<span class=\"elementor-headline-dynamic-wrapper elementor-headline-text-wrapper\">\n\t\t\t\t\t<span class=\"elementor-headline-dynamic-text elementor-headline-text-active\">DESPU\u00c9S DE CLASE<\/span>\n\t\t\t\t<\/span>\n\t\t\t\t<\/h3>\n\t\t\t\t\t\t<\/div>\n\t\t\t\t<\/div>\n\t\t\t\t<div class=\"elementor-element elementor-element-2010ec6 elementor-widget elementor-widget-text-editor\" data-id=\"2010ec6\" data-element_type=\"widget\" data-e-type=\"widget\" data-widget_type=\"text-editor.default\">\n\t\t\t\t<div class=\"elementor-widget-container\">\n\t\t\t\t\t\t\t\t\t<ul><li><span style=\"color: var( --e-global-color-text ); font-family: var( --e-global-typography-text-font-family ), Sans-serif; font-weight: var( --e-global-typography-text-font-weight ); font-size: 1em;\">Se recomienda vivir la experiencia de una aut\u00e9ntica fiesta flamenca, con toque de guitarra, cante y baile, para descubrir la magia de los encuentros entre personas profesionales o aficionadas al flamenco. La oportunidad perfecta para que cualquiera pueda integrarse o interactuar con los protagonistas de estas reuniones flamencas.<\/span><\/li><li>Para disfrutar de un espect\u00e1culo en vivo, Flamencoson recomienda:<ul><li>Asistir (con o sin gu\u00eda) a un tablao flamenco<\/li><li>Contratar un espect\u00e1culo de flamenco a domicilio, que puede incluir:<\/li><li>Guitarra (y otros instrumentos)<\/li><li>Cante<\/li><li>Cuadro de baile<\/li><li>Percusi\u00f3n<\/li><li>Tablao port\u00e1til y sillas de tablao<\/li><li>Equipo de sonido<\/li><li>Iluminaci\u00f3n<\/li><li>Etc.<\/li><\/ul><\/li><\/ul>\t\t\t\t\t\t\t\t<\/div>\n\t\t\t\t<\/div>\n\t\t\t\t\t<\/div>\n\t\t<\/div>\n\t\t\t\t\t<\/div>\n\t\t<\/section>\n\t\t\t\t<section class=\"elementor-section elementor-top-section elementor-element elementor-element-5be03c7c animated-slow elementor-section-boxed elementor-section-height-default elementor-section-height-default elementor-invisible\" data-id=\"5be03c7c\" data-element_type=\"section\" data-e-type=\"section\" data-settings=\"{&quot;animation&quot;:&quot;bounceInUp&quot;}\">\n\t\t\t\t\t\t<div class=\"elementor-container elementor-column-gap-default\">\n\t\t\t\t\t<div class=\"elementor-column elementor-col-100 elementor-top-column elementor-element elementor-element-7d245342\" data-id=\"7d245342\" data-element_type=\"column\" data-e-type=\"column\">\n\t\t\t<div class=\"elementor-widget-wrap elementor-element-populated\">\n\t\t\t\t\t\t<div class=\"elementor-element elementor-element-c9d552c elementor-widget elementor-widget-video\" data-id=\"c9d552c\" data-element_type=\"widget\" data-e-type=\"widget\" data-settings=\"{&quot;youtube_url&quot;:&quot;https:\\\/\\\/youtu.be\\\/dXJJdCl5nEM&quot;,&quot;video_type&quot;:&quot;youtube&quot;,&quot;controls&quot;:&quot;yes&quot;}\" data-widget_type=\"video.default\">\n\t\t\t\t<div class=\"elementor-widget-container\">\n\t\t\t\t\t\t\t<div class=\"elementor-wrapper elementor-open-inline\">\n\t\t\t<div class=\"elementor-video\"><\/div>\t\t<\/div>\n\t\t\t\t\t\t<\/div>\n\t\t\t\t<\/div>\n\t\t\t\t<div class=\"elementor-element elementor-element-b578427 elementor-align-center elementor-widget elementor-widget-button\" data-id=\"b578427\" data-element_type=\"widget\" data-e-type=\"widget\" data-widget_type=\"button.default\">\n\t\t\t\t<div class=\"elementor-widget-container\">\n\t\t\t\t\t\t\t\t\t<div class=\"elementor-button-wrapper\">\n\t\t\t\t\t<a class=\"elementor-button elementor-button-link elementor-size-md\" href=\"https:\/\/flamencoson.com\/tarifas-colaboradores\">\n\t\t\t\t\t\t<span class=\"elementor-button-content-wrapper\">\n\t\t\t\t\t\t<span class=\"elementor-button-icon\">\n\t\t\t\t<svg aria-hidden=\"true\" class=\"e-font-icon-svg e-fas-euro-sign\" viewBox=\"0 0 320 512\" xmlns=\"http:\/\/www.w3.org\/2000\/svg\"><path d=\"M310.706 413.765c-1.314-6.63-7.835-10.872-14.424-9.369-10.692 2.439-27.422 5.413-45.426 5.413-56.763 0-101.929-34.79-121.461-85.449h113.689a12 12 0 0 0 11.708-9.369l6.373-28.36c1.686-7.502-4.019-14.631-11.708-14.631H115.22c-1.21-14.328-1.414-28.287.137-42.245H261.95a12 12 0 0 0 11.723-9.434l6.512-29.755c1.638-7.484-4.061-14.566-11.723-14.566H130.184c20.633-44.991 62.69-75.03 117.619-75.03 14.486 0 28.564 2.25 37.851 4.145 6.216 1.268 12.347-2.498 14.002-8.623l11.991-44.368c1.822-6.741-2.465-13.616-9.326-14.917C290.217 34.912 270.71 32 249.635 32 152.451 32 74.03 92.252 45.075 176H12c-6.627 0-12 5.373-12 12v29.755c0 6.627 5.373 12 12 12h21.569c-1.009 13.607-1.181 29.287-.181 42.245H12c-6.627 0-12 5.373-12 12v28.36c0 6.627 5.373 12 12 12h30.114C67.139 414.692 145.264 480 249.635 480c26.301 0 48.562-4.544 61.101-7.788 6.167-1.595 10.027-7.708 8.788-13.957l-8.818-44.49z\"><\/path><\/svg>\t\t\t<\/span>\n\t\t\t\t\t\t\t\t\t<span class=\"elementor-button-text\">VER TARIFAS DE COLABORADORES<\/span>\n\t\t\t\t\t<\/span>\n\t\t\t\t\t<\/a>\n\t\t\t\t<\/div>\n\t\t\t\t\t\t\t\t<\/div>\n\t\t\t\t<\/div>\n\t\t\t\t\t<\/div>\n\t\t<\/div>\n\t\t\t\t\t<\/div>\n\t\t<\/section>\n\t\t\t\t<section class=\"elementor-section elementor-top-section elementor-element elementor-element-4f070d4 elementor-section-boxed elementor-section-height-default elementor-section-height-default\" data-id=\"4f070d4\" data-element_type=\"section\" data-e-type=\"section\">\n\t\t\t\t\t\t<div class=\"elementor-container elementor-column-gap-default\">\n\t\t\t\t\t<div class=\"elementor-column elementor-col-100 elementor-top-column elementor-element elementor-element-9d3b5fd\" data-id=\"9d3b5fd\" data-element_type=\"column\" data-e-type=\"column\">\n\t\t\t<div class=\"elementor-widget-wrap\">\n\t\t\t\t\t\t\t<\/div>\n\t\t<\/div>\n\t\t\t\t\t<\/div>\n\t\t<\/section>\n\t\t\t\t<section class=\"elementor-section elementor-top-section elementor-element elementor-element-7b5a004 elementor-section-boxed elementor-section-height-default elementor-section-height-default\" data-id=\"7b5a004\" data-element_type=\"section\" data-e-type=\"section\">\n\t\t\t\t\t\t<div class=\"elementor-container elementor-column-gap-default\">\n\t\t\t\t\t<div class=\"elementor-column elementor-col-100 elementor-top-column elementor-element elementor-element-2bef7e1\" data-id=\"2bef7e1\" data-element_type=\"column\" data-e-type=\"column\">\n\t\t\t<div class=\"elementor-widget-wrap\">\n\t\t\t\t\t\t\t<\/div>\n\t\t<\/div>\n\t\t\t\t\t<\/div>\n\t\t<\/section>\n\t\t\t\t<\/div>\n\t\t","protected":false},"excerpt":{"rendered":"<p>Clases de Baile Flamenco&nbsp; En M\u00e1laga, Marbella, Arroyo de la Miel (Benalm\u00e1dena), Mijas, Fuengirola y A Domicilio&nbsp; Horarios a medida EXPERIENCIAS DE FLAMENCO 100% DIVERSI\u00d3N GARANTIZADA VER TARIFAS DE COLABORADORES Reproducir Reproducir Reproducir Si quieres divertirte, te gusta bailar y te encanta el flamenco, vive una clase de baile flamenco en M\u00e1laga, en Marbella, en &hellip; <\/p>\n<p class=\"link-more\"><a href=\"https:\/\/flamencoson.com\/en\/private-flamenco-dance-lessons\/\" class=\"more-link\">Continue reading<span class=\"screen-reader-text\"> &#8220;Private Flamenco Dance Lessons&#8221;<\/span><\/a><\/p>\n","protected":false},"author":1,"featured_media":0,"parent":0,"menu_order":0,"comment_status":"closed","ping_status":"closed","template":"","meta":{"footnotes":""},"class_list":["post-36209","page","type-page","status-publish","hentry","entry"],"yoast_head":"<!-- This site is optimized with the Yoast SEO plugin v27.4 - https:\/\/yoast.com\/product\/yoast-seo-wordpress\/ -->\n<title>Private Flamenco Dance Lessons - Flamencoson<\/title>\n<meta name=\"robots\" content=\"index, follow, max-snippet:-1, max-image-preview:large, max-video-preview:-1\" \/>\n<link rel=\"canonical\" href=\"https:\/\/flamencoson.com\/en\/private-flamenco-dance-lessons\/\" \/>\n<meta property=\"og:locale\" content=\"en_US\" \/>\n<meta property=\"og:type\" content=\"article\" \/>\n<meta property=\"og:title\" content=\"Private Flamenco Dance Lessons - Flamencoson\" \/>\n<meta property=\"og:description\" content=\"Clases de Baile Flamenco&nbsp; En M\u00e1laga, Marbella, Arroyo de la Miel (Benalm\u00e1dena), Mijas, Fuengirola y A Domicilio&nbsp; Horarios a medida EXPERIENCIAS DE FLAMENCO 100% DIVERSI\u00d3N GARANTIZADA VER TARIFAS DE COLABORADORES Reproducir Reproducir Reproducir Si quieres divertirte, te gusta bailar y te encanta el flamenco, vive una clase de baile flamenco en M\u00e1laga, en Marbella, en &hellip; Continue reading &quot;Private Flamenco Dance Lessons&quot;\" \/>\n<meta property=\"og:url\" content=\"https:\/\/flamencoson.com\/en\/private-flamenco-dance-lessons\/\" \/>\n<meta property=\"og:site_name\" content=\"Flamencoson\" \/>\n<meta property=\"article:publisher\" content=\"https:\/\/www.facebook.com\/flamencoson\/\" \/>\n<meta property=\"article:modified_time\" content=\"2026-04-27T10:15:09+00:00\" \/>\n<meta property=\"og:image\" content=\"https:\/\/flamencoson.com\/wp-content\/uploads\/2025\/01\/flamenco_dance_class_clases_de_baile_flamenco_malaga_marbella_benalmadena_mijas_fuengirola_review.png\" \/>\n<meta name=\"twitter:card\" content=\"summary_large_image\" \/>\n<meta name=\"twitter:site\" content=\"@flamencoson\" \/>\n<meta name=\"twitter:label1\" content=\"Est. reading time\" \/>\n\t<meta name=\"twitter:data1\" content=\"3 minutes\" \/>\n<script type=\"application\/ld+json\" class=\"yoast-schema-graph\">{\"@context\":\"https:\\\/\\\/schema.org\",\"@graph\":[{\"@type\":\"WebPage\",\"@id\":\"https:\\\/\\\/flamencoson.com\\\/en\\\/private-flamenco-dance-lessons\\\/\",\"url\":\"https:\\\/\\\/flamencoson.com\\\/en\\\/private-flamenco-dance-lessons\\\/\",\"name\":\"Private Flamenco Dance Lessons - Flamencoson\",\"isPartOf\":{\"@id\":\"https:\\\/\\\/flamencoson.com\\\/en\\\/#website\"},\"primaryImageOfPage\":{\"@id\":\"https:\\\/\\\/flamencoson.com\\\/en\\\/private-flamenco-dance-lessons\\\/#primaryimage\"},\"image\":{\"@id\":\"https:\\\/\\\/flamencoson.com\\\/en\\\/private-flamenco-dance-lessons\\\/#primaryimage\"},\"thumbnailUrl\":\"https:\\\/\\\/flamencoson.com\\\/wp-content\\\/uploads\\\/2025\\\/01\\\/flamenco_dance_class_clases_de_baile_flamenco_malaga_marbella_benalmadena_mijas_fuengirola_review.png\",\"datePublished\":\"2026-04-27T10:15:05+00:00\",\"dateModified\":\"2026-04-27T10:15:09+00:00\",\"breadcrumb\":{\"@id\":\"https:\\\/\\\/flamencoson.com\\\/en\\\/private-flamenco-dance-lessons\\\/#breadcrumb\"},\"inLanguage\":\"en-US\",\"potentialAction\":[{\"@type\":\"ReadAction\",\"target\":[\"https:\\\/\\\/flamencoson.com\\\/en\\\/private-flamenco-dance-lessons\\\/\"]}]},{\"@type\":\"ImageObject\",\"inLanguage\":\"en-US\",\"@id\":\"https:\\\/\\\/flamencoson.com\\\/en\\\/private-flamenco-dance-lessons\\\/#primaryimage\",\"url\":\"https:\\\/\\\/flamencoson.com\\\/wp-content\\\/uploads\\\/2025\\\/01\\\/flamenco_dance_class_clases_de_baile_flamenco_malaga_marbella_benalmadena_mijas_fuengirola_review.png\",\"contentUrl\":\"https:\\\/\\\/flamencoson.com\\\/wp-content\\\/uploads\\\/2025\\\/01\\\/flamenco_dance_class_clases_de_baile_flamenco_malaga_marbella_benalmadena_mijas_fuengirola_review.png\"},{\"@type\":\"BreadcrumbList\",\"@id\":\"https:\\\/\\\/flamencoson.com\\\/en\\\/private-flamenco-dance-lessons\\\/#breadcrumb\",\"itemListElement\":[{\"@type\":\"ListItem\",\"position\":1,\"name\":\"Portada\",\"item\":\"https:\\\/\\\/flamencoson.com\\\/en\\\/\"},{\"@type\":\"ListItem\",\"position\":2,\"name\":\"Private Flamenco Dance Lessons\"}]},{\"@type\":\"WebSite\",\"@id\":\"https:\\\/\\\/flamencoson.com\\\/en\\\/#website\",\"url\":\"https:\\\/\\\/flamencoson.com\\\/en\\\/\",\"name\":\"Flamencoson\",\"description\":\"Clases de baile flamenco online y presenciales\",\"publisher\":{\"@id\":\"https:\\\/\\\/flamencoson.com\\\/en\\\/#organization\"},\"potentialAction\":[{\"@type\":\"SearchAction\",\"target\":{\"@type\":\"EntryPoint\",\"urlTemplate\":\"https:\\\/\\\/flamencoson.com\\\/en\\\/?s={search_term_string}\"},\"query-input\":{\"@type\":\"PropertyValueSpecification\",\"valueRequired\":true,\"valueName\":\"search_term_string\"}}],\"inLanguage\":\"en-US\"},{\"@type\":\"Organization\",\"@id\":\"https:\\\/\\\/flamencoson.com\\\/en\\\/#organization\",\"name\":\"Flamencoson\",\"url\":\"https:\\\/\\\/flamencoson.com\\\/en\\\/\",\"logo\":{\"@type\":\"ImageObject\",\"inLanguage\":\"en-US\",\"@id\":\"https:\\\/\\\/flamencoson.com\\\/en\\\/#\\\/schema\\\/logo\\\/image\\\/\",\"url\":\"https:\\\/\\\/flamencoson.com\\\/wp-content\\\/uploads\\\/2020\\\/04\\\/cursos-de-flamenco-online-logo-flamencoson.jpg\",\"contentUrl\":\"https:\\\/\\\/flamencoson.com\\\/wp-content\\\/uploads\\\/2020\\\/04\\\/cursos-de-flamenco-online-logo-flamencoson.jpg\",\"width\":768,\"height\":1299,\"caption\":\"Flamencoson\"},\"image\":{\"@id\":\"https:\\\/\\\/flamencoson.com\\\/en\\\/#\\\/schema\\\/logo\\\/image\\\/\"},\"sameAs\":[\"https:\\\/\\\/www.facebook.com\\\/flamencoson\\\/\",\"https:\\\/\\\/x.com\\\/flamencoson\",\"https:\\\/\\\/www.instagram.com\\\/flamencoson\\\/channel\\\/\",\"https:\\\/\\\/www.linkedin.com\\\/company\\\/flamencoson\",\"https:\\\/\\\/www.youtube.com\\\/Flamencoson\\\/?sub_confirmation=1\",\"https:\\\/\\\/es.wikipedia.org\\\/wiki\\\/Archivo:Sonia_Mar\u00edn_Fern\u00e1ndez_Flamencoson.jpg\"]}]}<\/script>\n<!-- \/ Yoast SEO plugin. -->","yoast_head_json":{"title":"Private Flamenco Dance Lessons - Flamencoson","robots":{"index":"index","follow":"follow","max-snippet":"max-snippet:-1","max-image-preview":"max-image-preview:large","max-video-preview":"max-video-preview:-1"},"canonical":"https:\/\/flamencoson.com\/en\/private-flamenco-dance-lessons\/","og_locale":"en_US","og_type":"article","og_title":"Private Flamenco Dance Lessons - Flamencoson","og_description":"Clases de Baile Flamenco&nbsp; En M\u00e1laga, Marbella, Arroyo de la Miel (Benalm\u00e1dena), Mijas, Fuengirola y A Domicilio&nbsp; Horarios a medida EXPERIENCIAS DE FLAMENCO 100% DIVERSI\u00d3N GARANTIZADA VER TARIFAS DE COLABORADORES Reproducir Reproducir Reproducir Si quieres divertirte, te gusta bailar y te encanta el flamenco, vive una clase de baile flamenco en M\u00e1laga, en Marbella, en &hellip; Continue reading \"Private Flamenco Dance Lessons\"","og_url":"https:\/\/flamencoson.com\/en\/private-flamenco-dance-lessons\/","og_site_name":"Flamencoson","article_publisher":"https:\/\/www.facebook.com\/flamencoson\/","article_modified_time":"2026-04-27T10:15:09+00:00","og_image":[{"url":"https:\/\/flamencoson.com\/wp-content\/uploads\/2025\/01\/flamenco_dance_class_clases_de_baile_flamenco_malaga_marbella_benalmadena_mijas_fuengirola_review.png","type":"","width":"","height":""}],"twitter_card":"summary_large_image","twitter_site":"@flamencoson","twitter_misc":{"Est. reading time":"3 minutes"},"schema":{"@context":"https:\/\/schema.org","@graph":[{"@type":"WebPage","@id":"https:\/\/flamencoson.com\/en\/private-flamenco-dance-lessons\/","url":"https:\/\/flamencoson.com\/en\/private-flamenco-dance-lessons\/","name":"Private Flamenco Dance Lessons - Flamencoson","isPartOf":{"@id":"https:\/\/flamencoson.com\/en\/#website"},"primaryImageOfPage":{"@id":"https:\/\/flamencoson.com\/en\/private-flamenco-dance-lessons\/#primaryimage"},"image":{"@id":"https:\/\/flamencoson.com\/en\/private-flamenco-dance-lessons\/#primaryimage"},"thumbnailUrl":"https:\/\/flamencoson.com\/wp-content\/uploads\/2025\/01\/flamenco_dance_class_clases_de_baile_flamenco_malaga_marbella_benalmadena_mijas_fuengirola_review.png","datePublished":"2026-04-27T10:15:05+00:00","dateModified":"2026-04-27T10:15:09+00:00","breadcrumb":{"@id":"https:\/\/flamencoson.com\/en\/private-flamenco-dance-lessons\/#breadcrumb"},"inLanguage":"en-US","potentialAction":[{"@type":"ReadAction","target":["https:\/\/flamencoson.com\/en\/private-flamenco-dance-lessons\/"]}]},{"@type":"ImageObject","inLanguage":"en-US","@id":"https:\/\/flamencoson.com\/en\/private-flamenco-dance-lessons\/#primaryimage","url":"https:\/\/flamencoson.com\/wp-content\/uploads\/2025\/01\/flamenco_dance_class_clases_de_baile_flamenco_malaga_marbella_benalmadena_mijas_fuengirola_review.png","contentUrl":"https:\/\/flamencoson.com\/wp-content\/uploads\/2025\/01\/flamenco_dance_class_clases_de_baile_flamenco_malaga_marbella_benalmadena_mijas_fuengirola_review.png"},{"@type":"BreadcrumbList","@id":"https:\/\/flamencoson.com\/en\/private-flamenco-dance-lessons\/#breadcrumb","itemListElement":[{"@type":"ListItem","position":1,"name":"Portada","item":"https:\/\/flamencoson.com\/en\/"},{"@type":"ListItem","position":2,"name":"Private Flamenco Dance Lessons"}]},{"@type":"WebSite","@id":"https:\/\/flamencoson.com\/en\/#website","url":"https:\/\/flamencoson.com\/en\/","name":"Flamencoson","description":"Clases de baile flamenco online y presenciales","publisher":{"@id":"https:\/\/flamencoson.com\/en\/#organization"},"potentialAction":[{"@type":"SearchAction","target":{"@type":"EntryPoint","urlTemplate":"https:\/\/flamencoson.com\/en\/?s={search_term_string}"},"query-input":{"@type":"PropertyValueSpecification","valueRequired":true,"valueName":"search_term_string"}}],"inLanguage":"en-US"},{"@type":"Organization","@id":"https:\/\/flamencoson.com\/en\/#organization","name":"Flamencoson","url":"https:\/\/flamencoson.com\/en\/","logo":{"@type":"ImageObject","inLanguage":"en-US","@id":"https:\/\/flamencoson.com\/en\/#\/schema\/logo\/image\/","url":"https:\/\/flamencoson.com\/wp-content\/uploads\/2020\/04\/cursos-de-flamenco-online-logo-flamencoson.jpg","contentUrl":"https:\/\/flamencoson.com\/wp-content\/uploads\/2020\/04\/cursos-de-flamenco-online-logo-flamencoson.jpg","width":768,"height":1299,"caption":"Flamencoson"},"image":{"@id":"https:\/\/flamencoson.com\/en\/#\/schema\/logo\/image\/"},"sameAs":["https:\/\/www.facebook.com\/flamencoson\/","https:\/\/x.com\/flamencoson","https:\/\/www.instagram.com\/flamencoson\/channel\/","https:\/\/www.linkedin.com\/company\/flamencoson","https:\/\/www.youtube.com\/Flamencoson\/?sub_confirmation=1","https:\/\/es.wikipedia.org\/wiki\/Archivo:Sonia_Mar\u00edn_Fern\u00e1ndez_Flamencoson.jpg"]}]}},"_links":{"self":[{"href":"https:\/\/flamencoson.com\/en\/wp-json\/wp\/v2\/pages\/36209","targetHints":{"allow":["GET"]}}],"collection":[{"href":"https:\/\/flamencoson.com\/en\/wp-json\/wp\/v2\/pages"}],"about":[{"href":"https:\/\/flamencoson.com\/en\/wp-json\/wp\/v2\/types\/page"}],"author":[{"embeddable":true,"href":"https:\/\/flamencoson.com\/en\/wp-json\/wp\/v2\/users\/1"}],"replies":[{"embeddable":true,"href":"https:\/\/flamencoson.com\/en\/wp-json\/wp\/v2\/comments?post=36209"}],"version-history":[{"count":3,"href":"https:\/\/flamencoson.com\/en\/wp-json\/wp\/v2\/pages\/36209\/revisions"}],"predecessor-version":[{"id":36215,"href":"https:\/\/flamencoson.com\/en\/wp-json\/wp\/v2\/pages\/36209\/revisions\/36215"}],"wp:attachment":[{"href":"https:\/\/flamencoson.com\/en\/wp-json\/wp\/v2\/media?parent=36209"}],"curies":[{"name":"wp","href":"https:\/\/api.w.org\/{rel}","templated":true}]}}