{"id":36220,"date":"2026-04-27T12:15:06","date_gmt":"2026-04-27T10:15:06","guid":{"rendered":"https:\/\/flamencoson.com\/flamenco-friendly\/"},"modified":"2026-04-27T12:15:07","modified_gmt":"2026-04-27T10:15:07","slug":"flamenco-friendly","status":"publish","type":"page","link":"https:\/\/flamencoson.com\/en\/flamenco-friendly\/","title":{"rendered":"Flamenco Friendly"},"content":{"rendered":"\t\t<div data-elementor-type=\"wp-page\" data-elementor-id=\"36220\" class=\"elementor elementor-36220 elementor-33435\" data-elementor-post-type=\"page\">\n\t\t\t\t<div class=\"elementor-element elementor-element-3914358 e-flex e-con-boxed e-con e-parent\" data-id=\"3914358\" data-element_type=\"container\" data-e-type=\"container\">\n\t\t\t\t\t<div class=\"e-con-inner\">\n\t\t\t\t<div class=\"elementor-element elementor-element-564208d elementor-widget elementor-widget-heading\" data-id=\"564208d\" data-element_type=\"widget\" data-e-type=\"widget\" data-widget_type=\"heading.default\">\n\t\t\t\t<div class=\"elementor-widget-container\">\n\t\t\t\t\t<h2 class=\"elementor-heading-title elementor-size-default\">Empresas y Eventos Flamenco Friendly<\/h2>\t\t\t\t<\/div>\n\t\t\t\t<\/div>\n\t\t\t\t<div class=\"elementor-element elementor-element-082f41f elementor-toc--minimized-on-tablet elementor-widget elementor-widget-table-of-contents\" data-id=\"082f41f\" data-element_type=\"widget\" data-e-type=\"widget\" data-settings=\"{&quot;headings_by_tags&quot;:[&quot;h3&quot;,&quot;h4&quot;,&quot;h5&quot;,&quot;h6&quot;],&quot;exclude_headings_by_selector&quot;:[],&quot;no_headings_message&quot;:&quot;No se ha encontrado ning\\u00fan encabezado en esta p\\u00e1gina.&quot;,&quot;marker_view&quot;:&quot;numbers&quot;,&quot;minimize_box&quot;:&quot;yes&quot;,&quot;minimized_on&quot;:&quot;tablet&quot;,&quot;hierarchical_view&quot;:&quot;yes&quot;,&quot;min_height&quot;:{&quot;unit&quot;:&quot;px&quot;,&quot;size&quot;:&quot;&quot;,&quot;sizes&quot;:[]},&quot;min_height_tablet&quot;:{&quot;unit&quot;:&quot;px&quot;,&quot;size&quot;:&quot;&quot;,&quot;sizes&quot;:[]},&quot;min_height_mobile&quot;:{&quot;unit&quot;:&quot;px&quot;,&quot;size&quot;:&quot;&quot;,&quot;sizes&quot;:[]}}\" data-widget_type=\"table-of-contents.default\">\n\t\t\t\t<div class=\"elementor-widget-container\">\n\t\t\t\t\t\t\t\t\t<div class=\"elementor-toc__header\">\n\t\t\t\t\t\t<h4 class=\"elementor-toc__header-title\">\n\t\t\t\t\u00cdndice de contenidos\t\t\t<\/h4>\n\t\t\t\t\t\t\t\t\t\t<div class=\"elementor-toc__toggle-button elementor-toc__toggle-button--expand\" role=\"button\" tabindex=\"0\" aria-controls=\"elementor-toc__082f41f\" aria-expanded=\"true\" aria-label=\"Open table of contents\"><svg aria-hidden=\"true\" class=\"e-font-icon-svg e-fas-chevron-down\" viewBox=\"0 0 448 512\" xmlns=\"http:\/\/www.w3.org\/2000\/svg\"><path d=\"M207.029 381.476L12.686 187.132c-9.373-9.373-9.373-24.569 0-33.941l22.667-22.667c9.357-9.357 24.522-9.375 33.901-.04L224 284.505l154.745-154.021c9.379-9.335 24.544-9.317 33.901.04l22.667 22.667c9.373 9.373 9.373 24.569 0 33.941L240.971 381.476c-9.373 9.372-24.569 9.372-33.942 0z\"><\/path><\/svg><\/div>\n\t\t\t\t<div class=\"elementor-toc__toggle-button elementor-toc__toggle-button--collapse\" role=\"button\" tabindex=\"0\" aria-controls=\"elementor-toc__082f41f\" aria-expanded=\"true\" aria-label=\"Close table of contents\"><svg aria-hidden=\"true\" class=\"e-font-icon-svg e-fas-chevron-up\" viewBox=\"0 0 448 512\" xmlns=\"http:\/\/www.w3.org\/2000\/svg\"><path d=\"M240.971 130.524l194.343 194.343c9.373 9.373 9.373 24.569 0 33.941l-22.667 22.667c-9.357 9.357-24.522 9.375-33.901.04L224 227.495 69.255 381.516c-9.379 9.335-24.544 9.317-33.901-.04l-22.667-22.667c-9.373-9.373-9.373-24.569 0-33.941L207.03 130.525c9.372-9.373 24.568-9.373 33.941-.001z\"><\/path><\/svg><\/div>\n\t\t\t\t\t<\/div>\n\t\t\t\t<div id=\"elementor-toc__082f41f\" class=\"elementor-toc__body\">\n\t\t\t<div class=\"elementor-toc__spinner-container\">\n\t\t\t\t<svg class=\"elementor-toc__spinner eicon-animation-spin e-font-icon-svg e-eicon-loading\" aria-hidden=\"true\" viewBox=\"0 0 1000 1000\" xmlns=\"http:\/\/www.w3.org\/2000\/svg\"><path d=\"M500 975V858C696 858 858 696 858 500S696 142 500 142 142 304 142 500H25C25 237 238 25 500 25S975 237 975 500 763 975 500 975Z\"><\/path><\/svg>\t\t\t<\/div>\n\t\t<\/div>\n\t\t\t\t\t\t<\/div>\n\t\t\t\t<\/div>\n\t\t\t\t<div class=\"elementor-element elementor-element-75b4046 elementor-widget elementor-widget-text-editor\" data-id=\"75b4046\" data-element_type=\"widget\" data-e-type=\"widget\" data-widget_type=\"text-editor.default\">\n\t\t\t\t<div class=\"elementor-widget-container\">\n\t\t\t\t\t\t\t\t\t<h4><span style=\"color: #000000;\">Para Qu\u00e9 Organizar estos Eventos:<\/span><\/h4><p><span style=\"color: #000000;\">Con la visi\u00f3n de apoyar la difusi\u00f3n del flamenco y dar visibilidad a entidades flamenco friendly, la misi\u00f3n de esta iniciativa ser\u00e1 beneficiar a su vez a:<\/span><\/p><ol><li><span style=\"color: #000000;\">Los <b>profesionales y empresas <\/b>colaboradoras o patrocinadoras, en calidad de co-organizadoras, anfitrionas o asistentes.<\/span><\/li><li><span style=\"color: #000000;\">Las <b>asociaciones culturales sin \u00e1nimo de lucro<\/b> (asociaciones de andaluces o pe\u00f1as flamencas nacionales o internacionales) beneficiarias<\/span><\/li><li><span style=\"color: #000000;\">Los<b> artistas flamencos<\/b> destinatarios de las acciones de <b>mecenazgo <\/b>de las empresas colaboradoras o patrocinadoras, a trav\u00e9s de dichas asociaciones culturales sin \u00e1nimo de lucro<\/span><\/li><li><span style=\"color: #000000;\">Las<b> personas aficionadas al flamenco<\/b> en todo el mundo<\/span><\/li><\/ol>\t\t\t\t\t\t\t\t<\/div>\n\t\t\t\t<\/div>\n\t\t\t\t<div class=\"elementor-element elementor-element-c62bee2 elementor-widget elementor-widget-text-editor\" data-id=\"c62bee2\" data-element_type=\"widget\" data-e-type=\"widget\" data-widget_type=\"text-editor.default\">\n\t\t\t\t<div class=\"elementor-widget-container\">\n\t\t\t\t\t\t\t\t\t<h4><span style=\"color: #000000;\">A Qui\u00e9n Va Dirigida esta Iniciativa:<\/span><\/h4><p><span style=\"color: #000000;\">Los p\u00fablicos objetivos de estos eventos tendr\u00e1n un objetivo com\u00fan:\u00a0<span style=\"font-family: var( --e-global-typography-text-font-family ), Sans-serif; font-weight: var( --e-global-typography-text-font-weight ); text-align: var(--text-align); font-size: 1em;\">disfrutar de una actividad de flamenco y apoyar a asociaciones culturales sin \u00e1nimo de lucro y artistas flamencos nacionales o internacionales (acci\u00f3n de responsabilidad social corporativa en el caso de profesionales y empresas).<\/span><\/span><\/p><p><span style=\"color: #000000; font-family: var( --e-global-typography-text-font-family ), Sans-serif; font-weight: var( --e-global-typography-text-font-weight ); text-align: var(--text-align); font-size: 1em;\">Adem\u00e1s de otros objetivos particulares:<\/span><\/p><ol><li><span style=\"color: #000000;\"><b>Profesionales<\/b> flamenco friendly: hacer <b>Networking<\/b>,\u00a0<\/span><\/li><li><span style=\"color: #000000;\"><b>Empresas <\/b>flamenco friendly: ofrecer a sus equipos un <b>programa de incentivo<\/b> o de <b>team building<\/b>.<\/span><\/li><li><span style=\"color: #000000;\"><b>A<\/b><span style=\"font-weight: bold;\">sociaciones culturales sin \u00e1nimo de lucro<\/span>\u00a0(asociaciones de andaluces o pe\u00f1as flamencas nacionales o internacionales): promover la contrataci\u00f3n de sus artistas locales<\/span><\/li><li><span style=\"color: #000000;\"><b>Personas aficionadas al flamenco<\/b>: disfrutar de una actividad socio-cultural<\/span><\/li><\/ol>\t\t\t\t\t\t\t\t<\/div>\n\t\t\t\t<\/div>\n\t\t\t\t<div class=\"elementor-element elementor-element-fa9b3bb elementor-widget elementor-widget-text-editor\" data-id=\"fa9b3bb\" data-element_type=\"widget\" data-e-type=\"widget\" data-widget_type=\"text-editor.default\">\n\t\t\t\t<div class=\"elementor-widget-container\">\n\t\t\t\t\t\t\t\t\t<h4><span style=\"color: #000000;\">En Qu\u00e9 Consistir\u00e1 un Evento Flamenco Friendly<\/span><\/h4><p><span style=\"color: #000000;\">Un nuevo concepto de networking o de team building en espacios dise\u00f1ados para vivir una experiencia flamenca<\/span><\/p><p><span style=\"color: #000000;\">Los eventos de afterwork han dejado de ser \u00fanicamente una oportunidad para desconectar y ahora se conciben como una extensi\u00f3n de la cultura empresarial, donde la socializaci\u00f3n se combina con el desarrollo profesional y personal.\u00a0<\/span><\/p><p><span style=\"color: #000000;\">Las empresas buscan entornos inspiradores que potencien la creatividad, la formaci\u00f3n y la cohesi\u00f3n de sus equipos.\u00a0<\/span><\/p><p><span style=\"color: #000000;\"><b>Afterworks formativos:<\/b> Estos eventos incluyen charlas inspiradoras, talleres pr\u00e1cticos y mesas redondas que permiten a los asistentes ampliar sus conocimientos en un ambiente distendido, fomentando el aprendizaje continuo dentro de la empresa.<\/span><\/p><p><span style=\"color: #000000;\">Voluntariado corporativo: Cada vez m\u00e1s empresas integran la responsabilidad social en sus encuentros profesionales, organizando actividades solidarias.<\/span><\/p><p><span style=\"color: #000000;\"><b>Bienestar y mindfulness:<\/b> La salud mental y el bienestar han cobrado protagonismo en la vida laboral. Las actividades f\u00edsicas grupales ayudan a reducir el estr\u00e9s, mejorar la concentraci\u00f3n y fortalecer la conexi\u00f3n entre compa\u00f1eros y aqu\u00ed se propone como actividad l\u00fadico-recreativa y cultural: una clase de baile flamenco o un taller de introducci\u00f3n a un instrumento como el caj\u00f3n flamenco.<\/span><\/p><p><span style=\"color: #000000;\"><b>Experiencias gastron\u00f3micas y sensoriales:<\/b> Catas de vino, showcookings o degustaciones tem\u00e1ticas ofrecen un enfoque m\u00e1s interactivo y enriquecedor, permitiendo a los participantes disfrutar de una experiencia diferente mientras fortalecen relaciones dentro del equipo.<\/span><\/p>\t\t\t\t\t\t\t\t<\/div>\n\t\t\t\t<\/div>\n\t\t\t\t<div class=\"elementor-element elementor-element-264a273 elementor-widget elementor-widget-text-editor\" data-id=\"264a273\" data-element_type=\"widget\" data-e-type=\"widget\" data-widget_type=\"text-editor.default\">\n\t\t\t\t<div class=\"elementor-widget-container\">\n\t\t\t\t\t\t\t\t\t<h4><span style=\"color: #000000;\">D\u00f3nde tendr\u00e1n lugar estos eventos flamenco friendly<\/span><\/h4>\n<p><span style=\"color: #000000;\">Animamos a colaborar como empresas anfitrionas a:<\/span><\/p>\n<ol>\n<li><span style=\"color: #000000;\">Hoteles<\/span><\/li>\n<li><span style=\"color: #000000;\">Restaurantes<\/span><\/li><li><span style=\"color: #000000;\">Bodegas<\/span><\/li><li><span style=\"color: #000000;\">Fincas de celebraci\u00f3n de eventos<\/span><\/li>\n<li><span style=\"color: #000000;\">Tablaos flamencos<\/span><\/li>\n<\/ol>\t\t\t\t\t\t\t\t<\/div>\n\t\t\t\t<\/div>\n\t\t\t\t\t<\/div>\n\t\t\t\t<\/div>\n\t\t\t\t<\/div>\n\t\t","protected":false},"excerpt":{"rendered":"<p>Empresas y Eventos Flamenco Friendly \u00cdndice de contenidos Para Qu\u00e9 Organizar estos Eventos: Con la visi\u00f3n de apoyar la difusi\u00f3n del flamenco y dar visibilidad a entidades flamenco friendly, la misi\u00f3n de esta iniciativa ser\u00e1 beneficiar a su vez a: Los profesionales y empresas colaboradoras o patrocinadoras, en calidad de co-organizadoras, anfitrionas o asistentes. Las &hellip; <\/p>\n<p class=\"link-more\"><a href=\"https:\/\/flamencoson.com\/en\/flamenco-friendly\/\" class=\"more-link\">Continue reading<span class=\"screen-reader-text\"> &#8220;Flamenco Friendly&#8221;<\/span><\/a><\/p>\n","protected":false},"author":1,"featured_media":0,"parent":0,"menu_order":0,"comment_status":"closed","ping_status":"closed","template":"","meta":{"footnotes":""},"class_list":["post-36220","page","type-page","status-publish","hentry","entry"],"yoast_head":"<!-- This site is optimized with the Yoast SEO plugin v27.4 - https:\/\/yoast.com\/product\/yoast-seo-wordpress\/ -->\n<title>Flamenco Friendly - Flamencoson<\/title>\n<meta name=\"robots\" content=\"index, follow, max-snippet:-1, max-image-preview:large, max-video-preview:-1\" \/>\n<link rel=\"canonical\" href=\"https:\/\/flamencoson.com\/en\/flamenco-friendly\/\" \/>\n<meta property=\"og:locale\" content=\"en_US\" \/>\n<meta property=\"og:type\" content=\"article\" \/>\n<meta property=\"og:title\" content=\"Flamenco Friendly - Flamencoson\" \/>\n<meta property=\"og:description\" content=\"Empresas y Eventos Flamenco Friendly \u00cdndice de contenidos Para Qu\u00e9 Organizar estos Eventos: Con la visi\u00f3n de apoyar la difusi\u00f3n del flamenco y dar visibilidad a entidades flamenco friendly, la misi\u00f3n de esta iniciativa ser\u00e1 beneficiar a su vez a: Los profesionales y empresas colaboradoras o patrocinadoras, en calidad de co-organizadoras, anfitrionas o asistentes. Las &hellip; Continue reading &quot;Flamenco Friendly&quot;\" \/>\n<meta property=\"og:url\" content=\"https:\/\/flamencoson.com\/en\/flamenco-friendly\/\" \/>\n<meta property=\"og:site_name\" content=\"Flamencoson\" \/>\n<meta property=\"article:publisher\" content=\"https:\/\/www.facebook.com\/flamencoson\/\" \/>\n<meta property=\"article:modified_time\" content=\"2026-04-27T10:15:07+00:00\" \/>\n<meta name=\"twitter:card\" content=\"summary_large_image\" \/>\n<meta name=\"twitter:site\" content=\"@flamencoson\" \/>\n<meta name=\"twitter:label1\" content=\"Est. reading time\" \/>\n\t<meta name=\"twitter:data1\" content=\"2 minutes\" \/>\n<script type=\"application\/ld+json\" class=\"yoast-schema-graph\">{\"@context\":\"https:\\\/\\\/schema.org\",\"@graph\":[{\"@type\":\"WebPage\",\"@id\":\"https:\\\/\\\/flamencoson.com\\\/en\\\/flamenco-friendly\\\/\",\"url\":\"https:\\\/\\\/flamencoson.com\\\/en\\\/flamenco-friendly\\\/\",\"name\":\"Flamenco Friendly - Flamencoson\",\"isPartOf\":{\"@id\":\"https:\\\/\\\/flamencoson.com\\\/en\\\/#website\"},\"datePublished\":\"2026-04-27T10:15:06+00:00\",\"dateModified\":\"2026-04-27T10:15:07+00:00\",\"breadcrumb\":{\"@id\":\"https:\\\/\\\/flamencoson.com\\\/en\\\/flamenco-friendly\\\/#breadcrumb\"},\"inLanguage\":\"en-US\",\"potentialAction\":[{\"@type\":\"ReadAction\",\"target\":[\"https:\\\/\\\/flamencoson.com\\\/en\\\/flamenco-friendly\\\/\"]}]},{\"@type\":\"BreadcrumbList\",\"@id\":\"https:\\\/\\\/flamencoson.com\\\/en\\\/flamenco-friendly\\\/#breadcrumb\",\"itemListElement\":[{\"@type\":\"ListItem\",\"position\":1,\"name\":\"Portada\",\"item\":\"https:\\\/\\\/flamencoson.com\\\/en\\\/\"},{\"@type\":\"ListItem\",\"position\":2,\"name\":\"Flamenco Friendly\"}]},{\"@type\":\"WebSite\",\"@id\":\"https:\\\/\\\/flamencoson.com\\\/en\\\/#website\",\"url\":\"https:\\\/\\\/flamencoson.com\\\/en\\\/\",\"name\":\"Flamencoson\",\"description\":\"Clases de baile flamenco online y presenciales\",\"publisher\":{\"@id\":\"https:\\\/\\\/flamencoson.com\\\/en\\\/#organization\"},\"potentialAction\":[{\"@type\":\"SearchAction\",\"target\":{\"@type\":\"EntryPoint\",\"urlTemplate\":\"https:\\\/\\\/flamencoson.com\\\/en\\\/?s={search_term_string}\"},\"query-input\":{\"@type\":\"PropertyValueSpecification\",\"valueRequired\":true,\"valueName\":\"search_term_string\"}}],\"inLanguage\":\"en-US\"},{\"@type\":\"Organization\",\"@id\":\"https:\\\/\\\/flamencoson.com\\\/en\\\/#organization\",\"name\":\"Flamencoson\",\"url\":\"https:\\\/\\\/flamencoson.com\\\/en\\\/\",\"logo\":{\"@type\":\"ImageObject\",\"inLanguage\":\"en-US\",\"@id\":\"https:\\\/\\\/flamencoson.com\\\/en\\\/#\\\/schema\\\/logo\\\/image\\\/\",\"url\":\"https:\\\/\\\/flamencoson.com\\\/wp-content\\\/uploads\\\/2020\\\/04\\\/cursos-de-flamenco-online-logo-flamencoson.jpg\",\"contentUrl\":\"https:\\\/\\\/flamencoson.com\\\/wp-content\\\/uploads\\\/2020\\\/04\\\/cursos-de-flamenco-online-logo-flamencoson.jpg\",\"width\":768,\"height\":1299,\"caption\":\"Flamencoson\"},\"image\":{\"@id\":\"https:\\\/\\\/flamencoson.com\\\/en\\\/#\\\/schema\\\/logo\\\/image\\\/\"},\"sameAs\":[\"https:\\\/\\\/www.facebook.com\\\/flamencoson\\\/\",\"https:\\\/\\\/x.com\\\/flamencoson\",\"https:\\\/\\\/www.instagram.com\\\/flamencoson\\\/channel\\\/\",\"https:\\\/\\\/www.linkedin.com\\\/company\\\/flamencoson\",\"https:\\\/\\\/www.youtube.com\\\/Flamencoson\\\/?sub_confirmation=1\",\"https:\\\/\\\/es.wikipedia.org\\\/wiki\\\/Archivo:Sonia_Mar\u00edn_Fern\u00e1ndez_Flamencoson.jpg\"]}]}<\/script>\n<!-- \/ Yoast SEO plugin. -->","yoast_head_json":{"title":"Flamenco Friendly - Flamencoson","robots":{"index":"index","follow":"follow","max-snippet":"max-snippet:-1","max-image-preview":"max-image-preview:large","max-video-preview":"max-video-preview:-1"},"canonical":"https:\/\/flamencoson.com\/en\/flamenco-friendly\/","og_locale":"en_US","og_type":"article","og_title":"Flamenco Friendly - Flamencoson","og_description":"Empresas y Eventos Flamenco Friendly \u00cdndice de contenidos Para Qu\u00e9 Organizar estos Eventos: Con la visi\u00f3n de apoyar la difusi\u00f3n del flamenco y dar visibilidad a entidades flamenco friendly, la misi\u00f3n de esta iniciativa ser\u00e1 beneficiar a su vez a: Los profesionales y empresas colaboradoras o patrocinadoras, en calidad de co-organizadoras, anfitrionas o asistentes. Las &hellip; Continue reading \"Flamenco Friendly\"","og_url":"https:\/\/flamencoson.com\/en\/flamenco-friendly\/","og_site_name":"Flamencoson","article_publisher":"https:\/\/www.facebook.com\/flamencoson\/","article_modified_time":"2026-04-27T10:15:07+00:00","twitter_card":"summary_large_image","twitter_site":"@flamencoson","twitter_misc":{"Est. reading time":"2 minutes"},"schema":{"@context":"https:\/\/schema.org","@graph":[{"@type":"WebPage","@id":"https:\/\/flamencoson.com\/en\/flamenco-friendly\/","url":"https:\/\/flamencoson.com\/en\/flamenco-friendly\/","name":"Flamenco Friendly - Flamencoson","isPartOf":{"@id":"https:\/\/flamencoson.com\/en\/#website"},"datePublished":"2026-04-27T10:15:06+00:00","dateModified":"2026-04-27T10:15:07+00:00","breadcrumb":{"@id":"https:\/\/flamencoson.com\/en\/flamenco-friendly\/#breadcrumb"},"inLanguage":"en-US","potentialAction":[{"@type":"ReadAction","target":["https:\/\/flamencoson.com\/en\/flamenco-friendly\/"]}]},{"@type":"BreadcrumbList","@id":"https:\/\/flamencoson.com\/en\/flamenco-friendly\/#breadcrumb","itemListElement":[{"@type":"ListItem","position":1,"name":"Portada","item":"https:\/\/flamencoson.com\/en\/"},{"@type":"ListItem","position":2,"name":"Flamenco Friendly"}]},{"@type":"WebSite","@id":"https:\/\/flamencoson.com\/en\/#website","url":"https:\/\/flamencoson.com\/en\/","name":"Flamencoson","description":"Clases de baile flamenco online y presenciales","publisher":{"@id":"https:\/\/flamencoson.com\/en\/#organization"},"potentialAction":[{"@type":"SearchAction","target":{"@type":"EntryPoint","urlTemplate":"https:\/\/flamencoson.com\/en\/?s={search_term_string}"},"query-input":{"@type":"PropertyValueSpecification","valueRequired":true,"valueName":"search_term_string"}}],"inLanguage":"en-US"},{"@type":"Organization","@id":"https:\/\/flamencoson.com\/en\/#organization","name":"Flamencoson","url":"https:\/\/flamencoson.com\/en\/","logo":{"@type":"ImageObject","inLanguage":"en-US","@id":"https:\/\/flamencoson.com\/en\/#\/schema\/logo\/image\/","url":"https:\/\/flamencoson.com\/wp-content\/uploads\/2020\/04\/cursos-de-flamenco-online-logo-flamencoson.jpg","contentUrl":"https:\/\/flamencoson.com\/wp-content\/uploads\/2020\/04\/cursos-de-flamenco-online-logo-flamencoson.jpg","width":768,"height":1299,"caption":"Flamencoson"},"image":{"@id":"https:\/\/flamencoson.com\/en\/#\/schema\/logo\/image\/"},"sameAs":["https:\/\/www.facebook.com\/flamencoson\/","https:\/\/x.com\/flamencoson","https:\/\/www.instagram.com\/flamencoson\/channel\/","https:\/\/www.linkedin.com\/company\/flamencoson","https:\/\/www.youtube.com\/Flamencoson\/?sub_confirmation=1","https:\/\/es.wikipedia.org\/wiki\/Archivo:Sonia_Mar\u00edn_Fern\u00e1ndez_Flamencoson.jpg"]}]}},"_links":{"self":[{"href":"https:\/\/flamencoson.com\/en\/wp-json\/wp\/v2\/pages\/36220","targetHints":{"allow":["GET"]}}],"collection":[{"href":"https:\/\/flamencoson.com\/en\/wp-json\/wp\/v2\/pages"}],"about":[{"href":"https:\/\/flamencoson.com\/en\/wp-json\/wp\/v2\/types\/page"}],"author":[{"embeddable":true,"href":"https:\/\/flamencoson.com\/en\/wp-json\/wp\/v2\/users\/1"}],"replies":[{"embeddable":true,"href":"https:\/\/flamencoson.com\/en\/wp-json\/wp\/v2\/comments?post=36220"}],"version-history":[{"count":2,"href":"https:\/\/flamencoson.com\/en\/wp-json\/wp\/v2\/pages\/36220\/revisions"}],"predecessor-version":[{"id":36222,"href":"https:\/\/flamencoson.com\/en\/wp-json\/wp\/v2\/pages\/36220\/revisions\/36222"}],"wp:attachment":[{"href":"https:\/\/flamencoson.com\/en\/wp-json\/wp\/v2\/media?parent=36220"}],"curies":[{"name":"wp","href":"https:\/\/api.w.org\/{rel}","templated":true}]}}