{"id":36381,"date":"2026-04-27T13:16:02","date_gmt":"2026-04-27T11:16:02","guid":{"rendered":"https:\/\/flamencoson.com\/private-flamenco-dance-lessons-2\/"},"modified":"2026-04-27T13:16:05","modified_gmt":"2026-04-27T11:16:05","slug":"private-flamenco-dance-lessons-2","status":"publish","type":"page","link":"https:\/\/flamencoson.com\/en\/private-flamenco-dance-lessons-2\/","title":{"rendered":"Private Flamenco Dance Lessons"},"content":{"rendered":"\t\t<div data-elementor-type=\"wp-post\" data-elementor-id=\"36381\" class=\"elementor elementor-36381 elementor-15132\" data-elementor-post-type=\"page\">\n\t\t\t\t<div class=\"elementor-element elementor-element-a5bb556 e-flex e-con-boxed e-con e-parent\" data-id=\"a5bb556\" data-element_type=\"container\" data-e-type=\"container\">\n\t\t\t\t\t<div class=\"e-con-inner\">\n\t\t\t\t<div class=\"elementor-element elementor-element-20cf339 elementor-widget elementor-widget-text-editor\" data-id=\"20cf339\" data-element_type=\"widget\" data-e-type=\"widget\" data-widget_type=\"text-editor.default\">\n\t\t\t\t<div class=\"elementor-widget-container\">\n\t\t\t\t\t\t\t\t\t<p>PRIVATE Flamenco Dance Lessons<\/p>\t\t\t\t\t\t\t\t<\/div>\n\t\t\t\t<\/div>\n\t\t\t\t<div class=\"elementor-element elementor-element-c4bcb12 elementor-widget elementor-widget-text-editor\" data-id=\"c4bcb12\" data-element_type=\"widget\" data-e-type=\"widget\" data-widget_type=\"text-editor.default\">\n\t\t\t\t<div class=\"elementor-widget-container\">\n\t\t\t\t\t\t\t\t\t<h1><span style=\"font-weight: 400;\">\u00a1Aprende a bailar Rumba Flamenca en menos de 1 hora! \ud83d\udc83\ud83d\udd25<\/span><\/h1><h4><span style=\"font-weight: normal;\">Clases privadas exclusivas en\u00a0M\u00e1laga, Marbella, Mijas, Fuengirola y Benalm\u00e1dena (Arroyo de la Miel) o a domicilio. Profesionalidad, risas y el aut\u00e9ntico &#8220;duende&#8221; de la Costa del Sol. Experiencias de baile flamenco 100% DIVERSI\u00d3N GARANTIZADA.<\/span><\/h4>\t\t\t\t\t\t\t\t<\/div>\n\t\t\t\t<\/div>\n\t\t\t\t\t<\/div>\n\t\t\t\t<\/div>\n\t\t\t\t<section class=\"elementor-section elementor-top-section elementor-element elementor-element-47227641 animated-slow elementor-section-boxed elementor-section-height-default elementor-section-height-default elementor-invisible\" data-id=\"47227641\" data-element_type=\"section\" data-e-type=\"section\" data-settings=\"{&quot;animation&quot;:&quot;bounceInLeft&quot;}\">\n\t\t\t\t\t\t<div class=\"elementor-container elementor-column-gap-no\">\n\t\t\t\t\t<div class=\"elementor-column elementor-col-100 elementor-top-column elementor-element elementor-element-4cdc7536\" data-id=\"4cdc7536\" data-element_type=\"column\" data-e-type=\"column\">\n\t\t\t<div class=\"elementor-widget-wrap elementor-element-populated\">\n\t\t\t\t\t\t<div class=\"elementor-element elementor-element-e5afd8a elementor-align-center elementor-widget elementor-widget-button\" data-id=\"e5afd8a\" data-element_type=\"widget\" data-e-type=\"widget\" data-widget_type=\"button.default\">\n\t\t\t\t<div class=\"elementor-widget-container\">\n\t\t\t\t\t\t\t\t\t<div class=\"elementor-button-wrapper\">\n\t\t\t\t\t<a class=\"elementor-button elementor-button-link elementor-size-md\" href=\"#calendario-reserva\">\n\t\t\t\t\t\t<span class=\"elementor-button-content-wrapper\">\n\t\t\t\t\t\t<span class=\"elementor-button-icon\">\n\t\t\t\t<svg aria-hidden=\"true\" class=\"e-font-icon-svg e-fab-whatsapp\" viewBox=\"0 0 448 512\" xmlns=\"http:\/\/www.w3.org\/2000\/svg\"><path d=\"M380.9 97.1C339 55.1 283.2 32 223.9 32c-122.4 0-222 99.6-222 222 0 39.1 10.2 77.3 29.6 111L0 480l117.7-30.9c32.4 17.7 68.9 27 106.1 27h.1c122.3 0 224.1-99.6 224.1-222 0-59.3-25.2-115-67.1-157zm-157 341.6c-33.2 0-65.7-8.9-94-25.7l-6.7-4-69.8 18.3L72 359.2l-4.4-7c-18.5-29.4-28.2-63.3-28.2-98.2 0-101.7 82.8-184.5 184.6-184.5 49.3 0 95.6 19.2 130.4 54.1 34.8 34.9 56.2 81.2 56.1 130.5 0 101.8-84.9 184.6-186.6 184.6zm101.2-138.2c-5.5-2.8-32.8-16.2-37.9-18-5.1-1.9-8.8-2.8-12.5 2.8-3.7 5.6-14.3 18-17.6 21.8-3.2 3.7-6.5 4.2-12 1.4-32.6-16.3-54-29.1-75.5-66-5.7-9.8 5.7-9.1 16.3-30.3 1.8-3.7.9-6.9-.5-9.7-1.4-2.8-12.5-30.1-17.1-41.2-4.5-10.8-9.1-9.3-12.5-9.5-3.2-.2-6.9-.2-10.6-.2-3.7 0-9.7 1.4-14.8 6.9-5.1 5.6-19.4 19-19.4 46.3 0 27.3 19.9 53.7 22.6 57.4 2.8 3.7 39.1 59.7 94.8 83.8 35.2 15.2 49 16.5 66.6 13.9 10.7-1.6 32.8-13.4 37.4-26.4 4.6-13 4.6-24.1 3.2-26.4-1.3-2.5-5-3.9-10.5-6.6z\"><\/path><\/svg>\t\t\t<\/span>\n\t\t\t\t\t\t\t\t\t<span class=\"elementor-button-text\">VER PRECIOS Y DISPONIBILIDAD<\/span>\n\t\t\t\t\t<\/span>\n\t\t\t\t\t<\/a>\n\t\t\t\t<\/div>\n\t\t\t\t\t\t\t\t<\/div>\n\t\t\t\t<\/div>\n\t\t\t\t<div class=\"elementor-element elementor-element-74c53ca elementor-widget elementor-widget-text-editor\" data-id=\"74c53ca\" data-element_type=\"widget\" data-e-type=\"widget\" data-widget_type=\"text-editor.default\">\n\t\t\t\t<div class=\"elementor-widget-container\">\n\t\t\t\t\t\t\t\t\t<h4><b>\u00bfPor qu\u00e9 elegir Flamencoson? No es solo una clase, es un recuerdo para toda la vida.<\/b><\/h4><ul><li style=\"font-weight: 400;\" aria-level=\"1\"><b>Aprende y Sorprende (Especial Bodas) \ud83d\udc70:<\/b><span style=\"font-weight: 400;\"> Creamos una coreograf\u00eda de <\/span><b>Rumba Flamenca<\/b><span style=\"font-weight: 400;\"> (baile social) para que la novia y sus amigas sorprendan a todos en el gran d\u00eda. \u00a1\u00c9xito y risas garantizados! \ud83e\udd42<\/span><\/li><li style=\"font-weight: 400;\" aria-level=\"1\"><b>Tu &#8220;Profe&#8221; en el bolsillo \ud83d\udcf1:<\/b><span style=\"font-weight: 400;\"> Tras la clase, recibir\u00e1s un <\/span><b>v\u00eddeo tutorial<\/b><span style=\"font-weight: 400;\">\u00a0paso a paso + un <\/span><b>v\u00eddeo de recuerdo<\/b><span style=\"font-weight: 400;\"> bailando conmigo. \u00a1Para que ensayes donde quieras! \ud83c\udfa5<\/span><\/li><li style=\"font-weight: 400;\" aria-level=\"1\"><b>Rigor Profesional + Diversi\u00f3n \ud83c\udf93\ud83e\udd73:<\/b><span style=\"font-weight: 400;\"> Mi m\u00e9todo es acad\u00e9mico pero enfocado al disfrute. Aprendemos lo que realmente se baila en las ferias: Rumbas, Buler\u00edas de Jerez o Sevillanas.<\/span><\/li><li style=\"font-weight: 400;\" aria-level=\"1\"><b style=\"font-size: 1em;\">Tu Gu\u00eda Local de Confianza \ud83d\udccd:<\/b><span style=\"font-size: 1em;\"> Te ayudo gratis a planificar tu agenda: desde los mejores tablaos hasta cenas gourmet con espect\u00e1culo en sitios como Restaurante<\/span><i style=\"font-size: 1em;\">Tipi Tapa<\/i><span style=\"font-size: 1em;\"> (Fuengirola, a un paso de Mijas Costa). \ud83e\udd58\ud83c\udfb6<\/span><\/li><\/ul>\t\t\t\t\t\t\t\t<\/div>\n\t\t\t\t<\/div>\n\t\t\t\t<div class=\"elementor-element elementor-element-b87787e elementor-widget elementor-widget-heading\" data-id=\"b87787e\" data-element_type=\"widget\" data-e-type=\"widget\" data-widget_type=\"heading.default\">\n\t\t\t\t<div class=\"elementor-widget-container\">\n\t\t\t\t\t<h2 class=\"elementor-heading-title elementor-size-default\">As\u00ed es la experiencia de flamenco: Diversi\u00f3n en grupo<\/h2>\t\t\t\t<\/div>\n\t\t\t\t<\/div>\n\t\t\t\t<div class=\"elementor-element elementor-element-5f825f1 elementor-widget elementor-widget-video\" data-id=\"5f825f1\" data-element_type=\"widget\" data-e-type=\"widget\" data-settings=\"{&quot;youtube_url&quot;:&quot;https:\\\/\\\/youtu.be\\\/g7L1Thbn4uA&quot;,&quot;show_image_overlay&quot;:&quot;yes&quot;,&quot;image_overlay&quot;:{&quot;url&quot;:&quot;https:\\\/\\\/flamencoson.com\\\/wp-content\\\/uploads\\\/2024\\\/08\\\/original-scaled.jpg&quot;,&quot;id&quot;:36385,&quot;size&quot;:&quot;&quot;,&quot;alt&quot;:&quot;&quot;,&quot;source&quot;:&quot;library&quot;},&quot;video_type&quot;:&quot;youtube&quot;,&quot;controls&quot;:&quot;yes&quot;}\" data-widget_type=\"video.default\">\n\t\t\t\t<div class=\"elementor-widget-container\">\n\t\t\t\t\t\t\t<div class=\"elementor-wrapper elementor-open-inline\">\n\t\t\t<div class=\"elementor-video\"><\/div>\t\t\t\t<div class=\"elementor-custom-embed-image-overlay\" style=\"background-image: url(https:\/\/flamencoson.com\/wp-content\/uploads\/2024\/08\/original-scaled.jpg);\">\n\t\t\t\t\t\t\t\t\t\t\t\t\t\t\t\t<div class=\"elementor-custom-embed-play\" role=\"button\" aria-label=\"Play Video\" tabindex=\"0\">\n\t\t\t\t\t\t\t<svg aria-hidden=\"true\" class=\"e-font-icon-svg e-eicon-play\" viewBox=\"0 0 1000 1000\" xmlns=\"http:\/\/www.w3.org\/2000\/svg\"><path d=\"M838 162C746 71 633 25 500 25 371 25 258 71 163 162 71 254 25 367 25 500 25 633 71 746 163 837 254 929 367 979 500 979 633 979 746 933 838 837 929 746 975 633 975 500 975 367 929 254 838 162M808 192C892 279 933 379 933 500 933 621 892 725 808 808 725 892 621 938 500 938 379 938 279 896 196 808 113 725 67 621 67 500 67 379 108 279 196 192 279 108 383 62 500 62 621 62 721 108 808 192M438 392V642L642 517 438 392Z\"><\/path><\/svg>\t\t\t\t\t\t<\/div>\n\t\t\t\t\t\t\t\t\t<\/div>\n\t\t\t\t\t<\/div>\n\t\t\t\t\t\t<\/div>\n\t\t\t\t<\/div>\n\t\t\t\t<div class=\"elementor-element elementor-element-dcb829c elementor-widget elementor-widget-text-editor\" data-id=\"dcb829c\" data-element_type=\"widget\" data-e-type=\"widget\" data-widget_type=\"text-editor.default\">\n\t\t\t\t<div class=\"elementor-widget-container\">\n\t\t\t\t\t\t\t\t\t<h2><b>\ud83c\udf92 Experiencias Flamencas a Medida en la Costa del Sol \u2600\ufe0f<\/b><\/h2><p><i><span style=\"font-weight: 400;\">Servicio disponible en nuestras academias asociadas, <\/span><\/i><b><i>a domicilio \/ hotel \/ villa<\/i><\/b><i><span style=\"font-weight: 400;\">, o en nuestra exclusiva <\/span><\/i><b><i>Home Academy en Mijas<\/i><\/b><i><b>\/Fuengirola.<\/b><\/i><\/p><p><b>\ud83d\udc69\u200d\ud83c\udfa4 Solistas: Tu Momento de Arte Personal<\/b><span style=\"font-weight: 400;\"> \u00bfQuieres aprender a tu ritmo y sin miedos? Disfruta de una atenci\u00f3n 100% personalizada. Puedes recibir tu clase en tu propia villa u hotel, o vivir la experiencia aut\u00e9ntica en nuestra <\/span><b>Home Academy de Flamencoson en Mijas\/Fuengirola<\/b><span style=\"font-weight: 400;\">, un espacio \u00edntimo y profesional dise\u00f1ado para que conectes con el duende. \u00a1Ideal para un reto personal o un regalo inolvidable! \ud83c\udf1f\ud83d\udc60<\/span><\/p><p><b>\ud83d\udc6f\u200d\u2640\ufe0f Despedidas (Soltera\/Casada), Aniversarios y Cumplea\u00f1os<\/b><span style=\"font-weight: 400;\"> \u00a1El planazo estrella! Una hora de arte, complicidad y una coreograf\u00eda sorpresa dise\u00f1ada para la protagonista. La mejor forma de calentar motores en <\/span><b>Marbella, M\u00e1laga, Benalm\u00e1dena<\/b><span style=\"font-weight: 400;\">\u00a0y alrededores. \ud83c\udf80\ud83d\udc83<\/span><\/p><p><b>\ud83e\udd42 Viajes de Amigos y Amigas<\/b><span style=\"font-weight: 400;\"> \u00a1Celebrad vuestra amistad con mucho arte! \ud83d\udc83\ud83d\udd7a Si viaj\u00e1is en grupo y busc\u00e1is una actividad diferente para recordar vuestro viaje, esta clase es pura diversi\u00f3n. Risas, ritmo y un v\u00eddeo de recuerdo bailando juntos. \u2728\ud83d\udcf8<\/span><\/p><p><b>\ud83c\udf93 Grupos de Estudiantes y Colegios<\/b><span style=\"font-weight: 400;\"> Inmersi\u00f3n cultural para viajes de estudios. <\/span><b>Adaptamos el vocabulario y la intensidad seg\u00fan la edad y el nivel de idioma (Espa\u00f1ol \/ Ingl\u00e9s)<\/b><span style=\"font-weight: 400;\">. \u00a1La forma m\u00e1s amena de conocer nuestra cultura! \ud83d\udcda\ud83d\udc5f<\/span><\/p><p><b>\ud83c\udfe2 Team Building &amp; Empresas<\/b><span style=\"font-weight: 400;\"> Sustituye el estr\u00e9s por taconeo. Experiencia original de cohesi\u00f3n para grupos de programas de incentivos dentro o fuera de la provincia de M\u00e1laga<\/span><span style=\"font-weight: 400;\">. \u00a1Risas garantizadas para fortalecer el equipo! \ud83e\udd1d\ud83d\udc60<\/span><\/p><p><b>\ud83d\udc69\u200d\u2764\ufe0f\u200d\ud83d\udc68 Parejas<\/b><span style=\"font-weight: 400;\"> Una cita diferente o un regalo de aniversario \u00fanico. Aprender\u00e9is a conectar a trav\u00e9s del comp\u00e1s en un ambiente relajado y exclusivo. \u2764\ufe0f\ud83c\udf39<\/span><\/p>\t\t\t\t\t\t\t\t<\/div>\n\t\t\t\t<\/div>\n\t\t\t\t<div class=\"elementor-element elementor-element-bf688b4 elementor-widget elementor-widget-text-editor\" data-id=\"bf688b4\" data-element_type=\"widget\" data-e-type=\"widget\" data-widget_type=\"text-editor.default\">\n\t\t\t\t<div class=\"elementor-widget-container\">\n\t\t\t\t\t\t\t\t\t<h2><b>Personaliza tu Arte \ud83c\udfb6<\/b><\/h2><ul><li style=\"font-weight: 400;\" aria-level=\"1\"><b>Masterclass de Buler\u00edas de Jerez:<\/b><span style=\"font-weight: 400;\"> El alma de la fiesta flamenca. \ud83d\udd25<\/span><\/li><li style=\"font-weight: 400;\" aria-level=\"1\"><b>Introducci\u00f3n a las Sevillanas:<\/b><span style=\"font-weight: 400;\"> Para que brilles en cualquier feria de Andaluc\u00eda. \ud83d\udc83<\/span><\/li><li style=\"font-weight: 400;\" aria-level=\"1\"><b style=\"font-size: 1em;\">\u00a1Sube el nivel con m\u00fasica en directo! \ud83c\udfb8\ud83c\udfa4:<\/b><span style=\"font-size: 1em;\"> Pide presupuesto para tu clase con <\/span><b style=\"font-size: 1em;\">guitarra y cante profesional en vivo<\/b><span style=\"font-size: 1em;\">. \u00a1Inmersi\u00f3n total!<\/span><\/li><\/ul>\t\t\t\t\t\t\t\t<\/div>\n\t\t\t\t<\/div>\n\t\t\t\t<div class=\"elementor-element elementor-element-e607b08 elementor-widget elementor-widget-text-editor\" data-id=\"e607b08\" data-element_type=\"widget\" data-e-type=\"widget\" data-widget_type=\"text-editor.default\">\n\t\t\t\t<div class=\"elementor-widget-container\">\n\t\t\t\t\t\t\t\t\t<h2><b>Tarifas y Reservas \ud83d\udcb3<\/b><\/h2><ul><li style=\"font-weight: 400;\" aria-level=\"1\"><b>Reserva Directa Online:<\/b><span style=\"font-weight: 400;\"> Consigue un <\/span><b>5% de descuento<\/b><span style=\"font-weight: 400;\"> reservando ahora a trav\u00e9s de nuestra web. \ud83d\udcb8<\/span><\/li><li style=\"font-weight: 400;\" aria-level=\"1\"><b style=\"font-size: 1em;\">Presupuesto Personalizado:<\/b><span style=\"font-size: 1em;\"> \u00bfNecesitas m\u00e1s de una clase? \u00bfQuieres que vayamos a una <\/span><b style=\"font-size: 1em;\">localizaci\u00f3n espec\u00edfica elegida por ti<\/b><span style=\"font-size: 1em;\">? \u00bfSois un grupo de empresa grande?<\/span><\/li><\/ul>\t\t\t\t\t\t\t\t<\/div>\n\t\t\t\t<\/div>\n\t\t\t\t<div class=\"elementor-element elementor-element-38b4193 elementor-align-center elementor-widget elementor-widget-button\" data-id=\"38b4193\" data-element_type=\"widget\" data-e-type=\"widget\" data-widget_type=\"button.default\">\n\t\t\t\t<div class=\"elementor-widget-container\">\n\t\t\t\t\t\t\t\t\t<div class=\"elementor-button-wrapper\">\n\t\t\t\t\t<a class=\"elementor-button elementor-button-link elementor-size-md\" href=\"https:\/\/api.whatsapp.com\/send?phone=+34656472296&#038;text=Quiero%20m%C3%A1s%20informaci%C3%B3n%20y%20presupuesto%20de%20las%20clases%20privadas%20de%20Flamencoson\">\n\t\t\t\t\t\t<span class=\"elementor-button-content-wrapper\">\n\t\t\t\t\t\t<span class=\"elementor-button-icon\">\n\t\t\t\t<svg aria-hidden=\"true\" class=\"e-font-icon-svg e-fab-whatsapp\" viewBox=\"0 0 448 512\" xmlns=\"http:\/\/www.w3.org\/2000\/svg\"><path d=\"M380.9 97.1C339 55.1 283.2 32 223.9 32c-122.4 0-222 99.6-222 222 0 39.1 10.2 77.3 29.6 111L0 480l117.7-30.9c32.4 17.7 68.9 27 106.1 27h.1c122.3 0 224.1-99.6 224.1-222 0-59.3-25.2-115-67.1-157zm-157 341.6c-33.2 0-65.7-8.9-94-25.7l-6.7-4-69.8 18.3L72 359.2l-4.4-7c-18.5-29.4-28.2-63.3-28.2-98.2 0-101.7 82.8-184.5 184.6-184.5 49.3 0 95.6 19.2 130.4 54.1 34.8 34.9 56.2 81.2 56.1 130.5 0 101.8-84.9 184.6-186.6 184.6zm101.2-138.2c-5.5-2.8-32.8-16.2-37.9-18-5.1-1.9-8.8-2.8-12.5 2.8-3.7 5.6-14.3 18-17.6 21.8-3.2 3.7-6.5 4.2-12 1.4-32.6-16.3-54-29.1-75.5-66-5.7-9.8 5.7-9.1 16.3-30.3 1.8-3.7.9-6.9-.5-9.7-1.4-2.8-12.5-30.1-17.1-41.2-4.5-10.8-9.1-9.3-12.5-9.5-3.2-.2-6.9-.2-10.6-.2-3.7 0-9.7 1.4-14.8 6.9-5.1 5.6-19.4 19-19.4 46.3 0 27.3 19.9 53.7 22.6 57.4 2.8 3.7 39.1 59.7 94.8 83.8 35.2 15.2 49 16.5 66.6 13.9 10.7-1.6 32.8-13.4 37.4-26.4 4.6-13 4.6-24.1 3.2-26.4-1.3-2.5-5-3.9-10.5-6.6z\"><\/path><\/svg>\t\t\t<\/span>\n\t\t\t\t\t\t\t\t\t<span class=\"elementor-button-text\">SOLICITAR PRESUPUESTO A MEDIDA \ud83d\udcdd<\/span>\n\t\t\t\t\t<\/span>\n\t\t\t\t\t<\/a>\n\t\t\t\t<\/div>\n\t\t\t\t\t\t\t\t<\/div>\n\t\t\t\t<\/div>\n\t\t\t\t<div class=\"elementor-element elementor-element-879b3de elementor-widget elementor-widget-text-editor\" data-id=\"879b3de\" data-element_type=\"widget\" data-e-type=\"widget\" data-widget_type=\"text-editor.default\">\n\t\t\t\t<div class=\"elementor-widget-container\">\n\t\t\t\t\t\t\t\t\t<h2><b>Preguntas Frecuentes (Quick Info) \u26a1<\/b><\/h2><ul><li style=\"font-weight: 400;\" aria-level=\"1\"><b>\u00bfD\u00f3nde estamos?<\/b><span style=\"font-weight: 400;\"> M\u00e1laga centro, Marbella, Mijas, Fuengirola y Arroyo de la Miel (Benalm\u00e1dena) \u00a1Y tambi\u00e9n nos desplazamos a tu domicilio! \ud83d\udccd<\/span><\/li><li style=\"font-weight: 400;\" aria-level=\"1\"><b>\u00bfNivel?<\/b><span style=\"font-weight: 400;\"> Desde cero. \u00a1Cualquiera puede bailar rumba en menos de una hora! \u2705<\/span><\/li><li style=\"font-weight: 400;\" aria-level=\"1\"><b style=\"font-size: 1em;\">\u00bfIdiomas?<\/b><span style=\"font-size: 1em;\"> Clases profesionales en Espa\u00f1ol e Ingl\u00e9s.<\/span><\/li><\/ul>\t\t\t\t\t\t\t\t<\/div>\n\t\t\t\t<\/div>\n\t\t\t\t<div class=\"elementor-element elementor-element-cca3113 elementor-widget elementor-widget-text-editor\" data-id=\"cca3113\" data-element_type=\"widget\" data-e-type=\"widget\" data-widget_type=\"text-editor.default\">\n\t\t\t\t<div class=\"elementor-widget-container\">\n\t\t\t\t\t\t\t\t\t<p><b>\u00bfLista para desatar tu duende?<\/b><\/p><p><span style=\"font-weight: 400;\">Reserva tu clase con descuento o escr\u00edbenos por WhatsApp para organizar una experiencia flamenca inolvidable en la Costa del Sol.<\/span><\/p>\t\t\t\t\t\t\t\t<\/div>\n\t\t\t\t<\/div>\n\t\t\t\t<div class=\"elementor-element elementor-element-5f23257 elementor-align-center elementor-widget elementor-widget-button\" data-id=\"5f23257\" data-element_type=\"widget\" data-e-type=\"widget\" data-widget_type=\"button.default\">\n\t\t\t\t<div class=\"elementor-widget-container\">\n\t\t\t\t\t\t\t\t\t<div class=\"elementor-button-wrapper\">\n\t\t\t\t\t<a class=\"elementor-button elementor-button-link elementor-size-md\" href=\"https:\/\/api.whatsapp.com\/send?phone=+34656472296&#038;text=Quiero%20m%C3%A1s%20informaci%C3%B3n%20y%20presupuesto%20de%20las%20clases%20privadas%20de%20Flamencoson\">\n\t\t\t\t\t\t<span class=\"elementor-button-content-wrapper\">\n\t\t\t\t\t\t<span class=\"elementor-button-icon\">\n\t\t\t\t<svg aria-hidden=\"true\" class=\"e-font-icon-svg e-fab-whatsapp\" viewBox=\"0 0 448 512\" xmlns=\"http:\/\/www.w3.org\/2000\/svg\"><path d=\"M380.9 97.1C339 55.1 283.2 32 223.9 32c-122.4 0-222 99.6-222 222 0 39.1 10.2 77.3 29.6 111L0 480l117.7-30.9c32.4 17.7 68.9 27 106.1 27h.1c122.3 0 224.1-99.6 224.1-222 0-59.3-25.2-115-67.1-157zm-157 341.6c-33.2 0-65.7-8.9-94-25.7l-6.7-4-69.8 18.3L72 359.2l-4.4-7c-18.5-29.4-28.2-63.3-28.2-98.2 0-101.7 82.8-184.5 184.6-184.5 49.3 0 95.6 19.2 130.4 54.1 34.8 34.9 56.2 81.2 56.1 130.5 0 101.8-84.9 184.6-186.6 184.6zm101.2-138.2c-5.5-2.8-32.8-16.2-37.9-18-5.1-1.9-8.8-2.8-12.5 2.8-3.7 5.6-14.3 18-17.6 21.8-3.2 3.7-6.5 4.2-12 1.4-32.6-16.3-54-29.1-75.5-66-5.7-9.8 5.7-9.1 16.3-30.3 1.8-3.7.9-6.9-.5-9.7-1.4-2.8-12.5-30.1-17.1-41.2-4.5-10.8-9.1-9.3-12.5-9.5-3.2-.2-6.9-.2-10.6-.2-3.7 0-9.7 1.4-14.8 6.9-5.1 5.6-19.4 19-19.4 46.3 0 27.3 19.9 53.7 22.6 57.4 2.8 3.7 39.1 59.7 94.8 83.8 35.2 15.2 49 16.5 66.6 13.9 10.7-1.6 32.8-13.4 37.4-26.4 4.6-13 4.6-24.1 3.2-26.4-1.3-2.5-5-3.9-10.5-6.6z\"><\/path><\/svg>\t\t\t<\/span>\n\t\t\t\t\t\t\t\t\t<span class=\"elementor-button-text\">Hablar por WhatsApp ahora<\/span>\n\t\t\t\t\t<\/span>\n\t\t\t\t\t<\/a>\n\t\t\t\t<\/div>\n\t\t\t\t\t\t\t\t<\/div>\n\t\t\t\t<\/div>\n\t\t\t\t<div class=\"elementor-element elementor-element-50920e0 elementor-widget elementor-widget-heading\" data-id=\"50920e0\" data-element_type=\"widget\" data-e-type=\"widget\" data-widget_type=\"heading.default\">\n\t\t\t\t<div class=\"elementor-widget-container\">\n\t\t\t\t\t<h2 class=\"elementor-heading-title elementor-size-default\">Pasi\u00f3n y risas en directo<\/h2>\t\t\t\t<\/div>\n\t\t\t\t<\/div>\n\t\t\t\t<div class=\"elementor-element elementor-element-cd9cfe3 elementor-widget elementor-widget-video\" data-id=\"cd9cfe3\" data-element_type=\"widget\" data-e-type=\"widget\" data-settings=\"{&quot;youtube_url&quot;:&quot;https:\\\/\\\/youtu.be\\\/ah1cxZH_eMw&quot;,&quot;show_image_overlay&quot;:&quot;yes&quot;,&quot;image_overlay&quot;:{&quot;url&quot;:&quot;https:\\\/\\\/flamencoson.com\\\/wp-content\\\/uploads\\\/2024\\\/08\\\/posterizada-scaled.jpg&quot;,&quot;id&quot;:36384,&quot;size&quot;:&quot;&quot;,&quot;alt&quot;:&quot;&quot;,&quot;source&quot;:&quot;library&quot;},&quot;video_type&quot;:&quot;youtube&quot;,&quot;controls&quot;:&quot;yes&quot;}\" data-widget_type=\"video.default\">\n\t\t\t\t<div class=\"elementor-widget-container\">\n\t\t\t\t\t\t\t<div class=\"elementor-wrapper elementor-open-inline\">\n\t\t\t<div class=\"elementor-video\"><\/div>\t\t\t\t<div class=\"elementor-custom-embed-image-overlay\" style=\"background-image: url(https:\/\/flamencoson.com\/wp-content\/uploads\/2024\/08\/posterizada-scaled.jpg);\">\n\t\t\t\t\t\t\t\t\t\t\t\t\t\t\t\t<div class=\"elementor-custom-embed-play\" role=\"button\" aria-label=\"Play Video\" tabindex=\"0\">\n\t\t\t\t\t\t\t<svg aria-hidden=\"true\" class=\"e-font-icon-svg e-eicon-play\" viewBox=\"0 0 1000 1000\" xmlns=\"http:\/\/www.w3.org\/2000\/svg\"><path d=\"M838 162C746 71 633 25 500 25 371 25 258 71 163 162 71 254 25 367 25 500 25 633 71 746 163 837 254 929 367 979 500 979 633 979 746 933 838 837 929 746 975 633 975 500 975 367 929 254 838 162M808 192C892 279 933 379 933 500 933 621 892 725 808 808 725 892 621 938 500 938 379 938 279 896 196 808 113 725 67 621 67 500 67 379 108 279 196 192 279 108 383 62 500 62 621 62 721 108 808 192M438 392V642L642 517 438 392Z\"><\/path><\/svg>\t\t\t\t\t\t<\/div>\n\t\t\t\t\t\t\t\t\t<\/div>\n\t\t\t\t\t<\/div>\n\t\t\t\t\t\t<\/div>\n\t\t\t\t<\/div>\n\t\t\t\t<div class=\"elementor-element elementor-element-09f372a elementor-widget elementor-widget-menu-anchor\" data-id=\"09f372a\" data-element_type=\"widget\" data-e-type=\"widget\" data-widget_type=\"menu-anchor.default\">\n\t\t\t\t<div class=\"elementor-widget-container\">\n\t\t\t\t\t\t\t<div class=\"elementor-menu-anchor\" id=\"calendario-reserva\"><\/div>\n\t\t\t\t\t\t<\/div>\n\t\t\t\t<\/div>\n\t\t\t\t\t<\/div>\n\t\t<\/div>\n\t\t\t\t\t<\/div>\n\t\t<\/section>\n\t\t\t\t<section class=\"elementor-section elementor-top-section elementor-element elementor-element-7b5a004 elementor-section-boxed elementor-section-height-default elementor-section-height-default\" data-id=\"7b5a004\" data-element_type=\"section\" data-e-type=\"section\">\n\t\t\t\t\t\t<div class=\"elementor-container elementor-column-gap-default\">\n\t\t\t\t\t<div class=\"elementor-column elementor-col-100 elementor-top-column elementor-element elementor-element-2bef7e1\" data-id=\"2bef7e1\" data-element_type=\"column\" data-e-type=\"column\">\n\t\t\t<div class=\"elementor-widget-wrap elementor-element-populated\">\n\t\t\t\t\t\t<div class=\"elementor-element elementor-element-924a3d4 elementor-widget elementor-widget-text-editor\" data-id=\"924a3d4\" data-element_type=\"widget\" data-e-type=\"widget\" data-widget_type=\"text-editor.default\">\n\t\t\t\t<div class=\"elementor-widget-container\">\n\t\t\t\t\t\t\t\t\t<h4>Calendario de Reservas<\/h4>\n<p>Elige tu fecha y asegura tu -5% de Dto. exclusivo Web \ud83c\udf81<\/p><p>Oferta v\u00e1lida hasta el 31\/12\/26 (no acumulable a otros descuentos)<\/p>\t\t\t\t\t\t\t\t<\/div>\n\t\t\t\t<\/div>\n\t\t\t\t<div class=\"elementor-element elementor-element-1ed1ef0 elementor-widget elementor-widget-html\" data-id=\"1ed1ef0\" data-element_type=\"widget\" data-e-type=\"widget\" data-widget_type=\"html.default\">\n\t\t\t\t<div class=\"elementor-widget-container\">\n\t\t\t\t\t<script type=\"text\/javascript\" src=\"https:\/\/cloud.mireservaonline.es\/javascript-responsive\/iframeEmpresasYAfiliados.js\"><\/script><script type=\"text\/javascript\">mroa25_pintaIframeServicio('https:\/\/www.mireservaonline.es\/es\/servicios\/clase-privada-baile-flamenco-profesora-espanola-costa-del-sol.aspx','ppkkiqjokllppmjqqiimpqqjwwplpqllik','2', 1, undefined, 2, 2);<\/script>\n\t\t\t\t<\/div>\n\t\t\t\t<\/div>\n\t\t\t\t\t<\/div>\n\t\t<\/div>\n\t\t\t\t\t<\/div>\n\t\t<\/section>\n\t\t<div class=\"elementor-element elementor-element-5f4829b e-flex e-con-boxed e-con e-parent\" data-id=\"5f4829b\" data-element_type=\"container\" data-e-type=\"container\" data-settings=\"{&quot;background_background&quot;:&quot;classic&quot;}\">\n\t\t\t\t\t<div class=\"e-con-inner\">\n\t\t\t\t<div class=\"elementor-element elementor-element-b5d863f elementor-widget elementor-widget-heading\" data-id=\"b5d863f\" data-element_type=\"widget\" data-e-type=\"widget\" data-widget_type=\"heading.default\">\n\t\t\t\t<div class=\"elementor-widget-container\">\n\t\t\t\t\t<h2 class=\"elementor-heading-title elementor-size-default\">\ud83d\udd52 \u00bfBuscas otro horario o d\u00eda especial?<\/h2>\t\t\t\t<\/div>\n\t\t\t\t<\/div>\n\t\t\t\t<div class=\"elementor-element elementor-element-ffafe65 elementor-widget elementor-widget-text-editor\" data-id=\"ffafe65\" data-element_type=\"widget\" data-e-type=\"widget\" data-widget_type=\"text-editor.default\">\n\t\t\t\t<div class=\"elementor-widget-container\">\n\t\t\t\t\t\t\t\t\t<p>Mi horario est\u00e1ndar para reservas online es a las 12:00h, pero <b>me adapto totalmente a tu plan de viaje<\/b>. Atiendo peticio<b>nes de lunes a domingo<\/b> en el horario que mejor te convenga.<\/p>\t\t\t\t\t\t\t\t<\/div>\n\t\t\t\t<\/div>\n\t\t\t\t<div class=\"elementor-element elementor-element-67e2d69 elementor-align-center elementor-widget elementor-widget-button\" data-id=\"67e2d69\" data-element_type=\"widget\" data-e-type=\"widget\" data-widget_type=\"button.default\">\n\t\t\t\t<div class=\"elementor-widget-container\">\n\t\t\t\t\t\t\t\t\t<div class=\"elementor-button-wrapper\">\n\t\t\t\t\t<a class=\"elementor-button elementor-button-link elementor-size-sm\" href=\"https:\/\/wa.me\/34656472296?text=Hola%20Sonia%21%20He%20visto%20el%20calendario%20en%20la%20web%20y%20me%20gustar%C3%ADa%20consultar%20disponibilidad%20para%20un%20horario%20personalizado.%20%C2%BFSon%20tan%20amables%20de%20confirmarme%20para%3A-%20D%C3%ADa%3A-%20Hora%3A-%20N%C2%BA%20de%20personas%3A-%20Ciudad%20(M%C3%A1laga\/Marbella)%3AGracias%21\">\n\t\t\t\t\t\t<span class=\"elementor-button-content-wrapper\">\n\t\t\t\t\t\t<span class=\"elementor-button-icon\">\n\t\t\t\t<svg aria-hidden=\"true\" class=\"e-font-icon-svg e-fab-whatsapp\" viewBox=\"0 0 448 512\" xmlns=\"http:\/\/www.w3.org\/2000\/svg\"><path d=\"M380.9 97.1C339 55.1 283.2 32 223.9 32c-122.4 0-222 99.6-222 222 0 39.1 10.2 77.3 29.6 111L0 480l117.7-30.9c32.4 17.7 68.9 27 106.1 27h.1c122.3 0 224.1-99.6 224.1-222 0-59.3-25.2-115-67.1-157zm-157 341.6c-33.2 0-65.7-8.9-94-25.7l-6.7-4-69.8 18.3L72 359.2l-4.4-7c-18.5-29.4-28.2-63.3-28.2-98.2 0-101.7 82.8-184.5 184.6-184.5 49.3 0 95.6 19.2 130.4 54.1 34.8 34.9 56.2 81.2 56.1 130.5 0 101.8-84.9 184.6-186.6 184.6zm101.2-138.2c-5.5-2.8-32.8-16.2-37.9-18-5.1-1.9-8.8-2.8-12.5 2.8-3.7 5.6-14.3 18-17.6 21.8-3.2 3.7-6.5 4.2-12 1.4-32.6-16.3-54-29.1-75.5-66-5.7-9.8 5.7-9.1 16.3-30.3 1.8-3.7.9-6.9-.5-9.7-1.4-2.8-12.5-30.1-17.1-41.2-4.5-10.8-9.1-9.3-12.5-9.5-3.2-.2-6.9-.2-10.6-.2-3.7 0-9.7 1.4-14.8 6.9-5.1 5.6-19.4 19-19.4 46.3 0 27.3 19.9 53.7 22.6 57.4 2.8 3.7 39.1 59.7 94.8 83.8 35.2 15.2 49 16.5 66.6 13.9 10.7-1.6 32.8-13.4 37.4-26.4 4.6-13 4.6-24.1 3.2-26.4-1.3-2.5-5-3.9-10.5-6.6z\"><\/path><\/svg>\t\t\t<\/span>\n\t\t\t\t\t\t\t\t\t<span class=\"elementor-button-text\">Consultar disponibilidad por WhatsApp<\/span>\n\t\t\t\t\t<\/span>\n\t\t\t\t\t<\/a>\n\t\t\t\t<\/div>\n\t\t\t\t\t\t\t\t<\/div>\n\t\t\t\t<\/div>\n\t\t\t\t\t<\/div>\n\t\t\t\t<\/div>\n\t\t\t\t<section class=\"elementor-section elementor-top-section elementor-element elementor-element-44d40582 elementor-section-boxed elementor-section-height-default elementor-section-height-default\" data-id=\"44d40582\" data-element_type=\"section\" data-e-type=\"section\">\n\t\t\t\t\t\t<div class=\"elementor-container elementor-column-gap-default\">\n\t\t\t\t\t<div class=\"elementor-column elementor-col-100 elementor-top-column elementor-element elementor-element-2029b656\" data-id=\"2029b656\" data-element_type=\"column\" data-e-type=\"column\">\n\t\t\t<div class=\"elementor-widget-wrap elementor-element-populated\">\n\t\t\t\t\t\t<div class=\"elementor-element elementor-element-578c970 elementor-widget elementor-widget-text-editor\" data-id=\"578c970\" data-element_type=\"widget\" data-e-type=\"widget\" data-widget_type=\"text-editor.default\">\n\t\t\t\t<div class=\"elementor-widget-container\">\n\t\t\t\t\t\t\t\t\t<h2><b>\ud83c\udf1f Experiencias Premium: El Arte de la Fiesta Flamenca<\/b><\/h2><p><span style=\"font-weight: 400;\">\u00bfQuieres vivir el flamenco como lo hacemos nosotros? No te conformes con ser un espectador; <\/span><b>convi\u00e9rtete en parte de la magia<\/b><span style=\"font-weight: 400;\">. Te invitamos a descubrir la esencia de las reuniones flamencas privadas: esos encuentros llenos de alma donde profesionales y aficionados se funden en un solo comp\u00e1s. \ud83c\udfb6\u2728<\/span><\/p><h2><b>\ud83d\udc83 Inmersi\u00f3n en un Tablao Aut\u00e9ntico<\/b><\/h2><p><span style=\"font-weight: 400;\">Te abrimos las puertas de los mejores tablaos de la ciudad. Puedes asistir por tu cuenta o <\/span><b>de la mano de Sonia como tu gu\u00eda experta<\/b><span style=\"font-weight: 400;\">, para entender cada detalle, cada quej\u00edo y cada remate. Una masterclass de apreciaci\u00f3n en vivo que cambiar\u00e1 tu forma de ver el flamenco. \ud83c\udfdb\ufe0f\ud83d\udc4f<\/span><\/p><p>\u00a0<\/p><h2><b>\ud83c\udfb8 El Tablao en tu propia Villa: Espect\u00e1culos a Domicilio<\/b><\/h2><p><span style=\"font-weight: 400;\">Llevamos la fuerza y el duende de un escenario profesional directamente a tu sal\u00f3n, jard\u00edn o evento. Dise\u00f1amos un <\/span><b>espect\u00e1culo privado y a medida<\/b><span style=\"font-weight: 400;\"> que puede incluir:<\/span><\/p><ul><li style=\"font-weight: 400;\" aria-level=\"1\"><b>M\u00fasica en Vivo:<\/b><span style=\"font-weight: 400;\"> Guitarra flamenca, cante flamenco y percusi\u00f3n (caj\u00f3n flamenco) para marcar el latido de la fiesta. \ud83c\udfb8\ud83c\udfa4<\/span><\/li><li style=\"font-weight: 400;\" aria-level=\"1\"><b>Cuerpo de Baile:<\/b><span style=\"font-weight: 400;\"> Artistas profesionales que llenar\u00e1n el espacio de fuerza y elegancia. \ud83d\udc83\ud83d\udd7a<\/span><\/li><li style=\"font-weight: 400;\" aria-level=\"1\"><b>Puesta en Escena Total:<\/b><span style=\"font-weight: 400;\"> No tienes que preocuparte por nada. Nos encargamos de la <\/span><b>iluminaci\u00f3n<\/b><span style=\"font-weight: 400;\">, <\/span><b>equipo de sonido<\/b><span style=\"font-weight: 400;\"> profesional y, para una experiencia 100% aut\u00e9ntica, instalamos un <\/span><b>tablao port\u00e1til y sillas de tablao tradicionales<\/b><span style=\"font-weight: 400;\">.\u00a0<\/span><\/li><\/ul><blockquote><p><b>&#8220;La oportunidad perfecta para interactuar con los artistas, aprender los c\u00f3digos de la fiesta y sentir la vibraci\u00f3n del taconeo a pocos cent\u00edmetros de ti.&#8221;<\/b><\/p><\/blockquote><h2><b>\ud83d\udce9 Solicita tu Presupuesto Exclusivo<\/b><\/h2><p><span style=\"font-weight: 400;\">Cada evento es \u00fanico. Cu\u00e9ntanos tu idea y prepararemos una propuesta personalizada para que tu celebraci\u00f3n en <\/span><b>Marbella, M\u00e1laga o alrededores<\/b><span style=\"font-weight: 400;\"> sea, sencillamente, inolvidable. \ud83e\udd42\ud83e\udd58<\/span><\/p>\t\t\t\t\t\t\t\t<\/div>\n\t\t\t\t<\/div>\n\t\t\t\t\t<\/div>\n\t\t<\/div>\n\t\t\t\t\t<\/div>\n\t\t<\/section>\n\t\t\t\t<section class=\"elementor-section elementor-top-section elementor-element elementor-element-4f070d4 elementor-section-boxed elementor-section-height-default elementor-section-height-default\" data-id=\"4f070d4\" data-element_type=\"section\" data-e-type=\"section\">\n\t\t\t\t\t\t<div class=\"elementor-container elementor-column-gap-default\">\n\t\t\t\t\t<div class=\"elementor-column elementor-col-100 elementor-top-column elementor-element elementor-element-9d3b5fd\" data-id=\"9d3b5fd\" data-element_type=\"column\" data-e-type=\"column\">\n\t\t\t<div class=\"elementor-widget-wrap elementor-element-populated\">\n\t\t\t\t\t\t<div class=\"elementor-element elementor-element-d740ea3 elementor-widget elementor-widget-text-editor\" data-id=\"d740ea3\" data-element_type=\"widget\" data-e-type=\"widget\" data-widget_type=\"text-editor.default\">\n\t\t\t\t<div class=\"elementor-widget-container\">\n\t\t\t\t\t\t\t\t\t<h2 data-path-to-node=\"2\">\ud83d\udd04 Experiencia Flamenco 360\u00b0: Tu Look con Arte \u2728<\/h2><h2 data-path-to-node=\"3\">\ud83d\udc57 El Outfit Flamenco: Asesor\u00eda de Estilo by Flamencoson<\/h2><p data-path-to-node=\"4\">Es la pregunta estrella: <i data-path-to-node=\"4\" data-index-in-node=\"25\">\u00bfPuedo alquilar un traje para mi clase o evento?<\/i> En Flamencoson queremos que luzcas espectacular sin complicaciones. Tras a\u00f1os de experiencia, <b data-path-to-node=\"4\" data-index-in-node=\"168\">recomendamos la compra de prendas seleccionadas<\/b> en lugar del alquiler por varios motivos pr\u00e1cticos:<\/p><ul data-path-to-node=\"5\"><li><p data-path-to-node=\"5,0,0\"><b data-path-to-node=\"5,0,0\" data-index-in-node=\"0\">Adi\u00f3s a las complicaciones del alquiler \u274c:<\/b> Alquilar un traje profesional suele requerir desplazamientos a talleres (muchos en Sevilla) para pruebas de costura y ajustes. \u00a1Tu tiempo en la Costa del Sol es para disfrutarlo!<\/p><\/li><li><p data-path-to-node=\"5,1,0\"><b data-path-to-node=\"5,1,0\" data-index-in-node=\"0\">Tejidos Inteligentes para Bailar \ud83d\udc83:<\/b> Los trajes de alquiler suelen ser de tejidos r\u00edgidos y pesados. Para nuestras clases, te asesoramos en la compra de prendas de <b data-path-to-node=\"5,1,0\" data-index-in-node=\"164\">punto el\u00e1stico<\/b>: un tejido vers\u00e1til, mucho m\u00e1s econ\u00f3mico y que se adapta a tu cuerpo como una segunda piel, permiti\u00e9ndote taconear con total libertad.<\/p><\/li><li><p data-path-to-node=\"5,2,0\"><b data-path-to-node=\"5,2,0\" data-index-in-node=\"0\">Higiene y Comodidad \u2728:<\/b> Estrenar\u00e1s tu propia prenda, garantizando un ajuste perfecto desde el primer minuto.<\/p><\/li><\/ul><h2 data-path-to-node=\"6\">\ud83d\udecd\ufe0f Mi servicio de Personal Shopper Flamenco<\/h2><p data-path-to-node=\"7\">No te dejaremos sola ante la duda de <i data-path-to-node=\"7\" data-index-in-node=\"37\">\u00bfqu\u00e9 me compro?<\/i>. Como experta en moda flamenca aplicada al baile, te asesoro y gu\u00edo en la <b data-path-to-node=\"7\" data-index-in-node=\"127\">compra online<\/b> de las mejores opciones del mercado:<\/p><ul data-path-to-node=\"8\"><li><p data-path-to-node=\"8,0,0\"><b data-path-to-node=\"8,0,0\" data-index-in-node=\"0\">Selecci\u00f3n Curada:<\/b> Te recomiendo tiendas online de confianza con los modelos que mejor funcionan.<\/p><\/li><li><p data-path-to-node=\"8,1,0\"><b data-path-to-node=\"8,1,0\" data-index-in-node=\"0\">Acierto Seguro:<\/b> Te ayudo a elegir el tipo de falda o traje que favorece tu figura y es adecuado para tu nivel de baile.<\/p><\/li><li><p data-path-to-node=\"8,2,0\"><b data-path-to-node=\"8,2,0\" data-index-in-node=\"0\">Un Recuerdo para Siempre:<\/b> Tendr\u00e1s un traje de calidad por un precio similar al de un alquiler, que te llevar\u00e1s a casa como el souvenir m\u00e1s especial de tu experiencia espa\u00f1ola.<\/p><\/li><\/ul><blockquote data-path-to-node=\"9\"><p data-path-to-node=\"9,0\"><b data-path-to-node=\"9,0\" data-index-in-node=\"0\">\u00bfQuieres que te ayude a elegir tu look flamenco?<\/b> Preg\u00fantame durante tu reserva y encontraremos el estilo perfecto para que brilles en clase y en tus v\u00eddeos de recuerdo. \ud83d\udc57\u2728<\/p><\/blockquote>\t\t\t\t\t\t\t\t<\/div>\n\t\t\t\t<\/div>\n\t\t\t\t<div class=\"elementor-element elementor-element-eb24a11 elementor-align-center elementor-widget elementor-widget-button\" data-id=\"eb24a11\" data-element_type=\"widget\" data-e-type=\"widget\" data-widget_type=\"button.default\">\n\t\t\t\t<div class=\"elementor-widget-container\">\n\t\t\t\t\t\t\t\t\t<div class=\"elementor-button-wrapper\">\n\t\t\t\t\t<a class=\"elementor-button elementor-button-link elementor-size-md\" href=\"https:\/\/api.whatsapp.com\/send?phone=+34656472296&#038;text=Quiero%20m%C3%A1s%20informaci%C3%B3n%20y%20presupuesto%20de%20las%20clases%20privadas%20de%20Flamencoson\">\n\t\t\t\t\t\t<span class=\"elementor-button-content-wrapper\">\n\t\t\t\t\t\t<span class=\"elementor-button-icon\">\n\t\t\t\t<svg aria-hidden=\"true\" class=\"e-font-icon-svg e-fab-whatsapp\" viewBox=\"0 0 448 512\" xmlns=\"http:\/\/www.w3.org\/2000\/svg\"><path d=\"M380.9 97.1C339 55.1 283.2 32 223.9 32c-122.4 0-222 99.6-222 222 0 39.1 10.2 77.3 29.6 111L0 480l117.7-30.9c32.4 17.7 68.9 27 106.1 27h.1c122.3 0 224.1-99.6 224.1-222 0-59.3-25.2-115-67.1-157zm-157 341.6c-33.2 0-65.7-8.9-94-25.7l-6.7-4-69.8 18.3L72 359.2l-4.4-7c-18.5-29.4-28.2-63.3-28.2-98.2 0-101.7 82.8-184.5 184.6-184.5 49.3 0 95.6 19.2 130.4 54.1 34.8 34.9 56.2 81.2 56.1 130.5 0 101.8-84.9 184.6-186.6 184.6zm101.2-138.2c-5.5-2.8-32.8-16.2-37.9-18-5.1-1.9-8.8-2.8-12.5 2.8-3.7 5.6-14.3 18-17.6 21.8-3.2 3.7-6.5 4.2-12 1.4-32.6-16.3-54-29.1-75.5-66-5.7-9.8 5.7-9.1 16.3-30.3 1.8-3.7.9-6.9-.5-9.7-1.4-2.8-12.5-30.1-17.1-41.2-4.5-10.8-9.1-9.3-12.5-9.5-3.2-.2-6.9-.2-10.6-.2-3.7 0-9.7 1.4-14.8 6.9-5.1 5.6-19.4 19-19.4 46.3 0 27.3 19.9 53.7 22.6 57.4 2.8 3.7 39.1 59.7 94.8 83.8 35.2 15.2 49 16.5 66.6 13.9 10.7-1.6 32.8-13.4 37.4-26.4 4.6-13 4.6-24.1 3.2-26.4-1.3-2.5-5-3.9-10.5-6.6z\"><\/path><\/svg>\t\t\t<\/span>\n\t\t\t\t\t\t\t\t\t<span class=\"elementor-button-text\">SOLICITAR PRESUPUESTO A MEDIDA \ud83d\udcdd<\/span>\n\t\t\t\t\t<\/span>\n\t\t\t\t\t<\/a>\n\t\t\t\t<\/div>\n\t\t\t\t\t\t\t\t<\/div>\n\t\t\t\t<\/div>\n\t\t\t\t<div class=\"elementor-element elementor-element-68fb534 elementor-widget elementor-widget-image\" data-id=\"68fb534\" data-element_type=\"widget\" data-e-type=\"widget\" data-widget_type=\"image.default\">\n\t\t\t\t<div class=\"elementor-widget-container\">\n\t\t\t\t\t\t\t\t\t\t\t\t\t\t\t<img fetchpriority=\"high\" decoding=\"async\" width=\"300\" height=\"300\" src=\"https:\/\/flamencoson.com\/wp-content\/uploads\/2024\/12\/clases_de_flamenco_en_malaga_marbella_flamencoson-300x300.png\" class=\"attachment-medium size-medium wp-image-36086\" alt=\"\" srcset=\"https:\/\/flamencoson.com\/wp-content\/uploads\/2024\/12\/clases_de_flamenco_en_malaga_marbella_flamencoson-300x300.png 300w, https:\/\/flamencoson.com\/wp-content\/uploads\/2024\/12\/clases_de_flamenco_en_malaga_marbella_flamencoson-150x150.png 150w, https:\/\/flamencoson.com\/wp-content\/uploads\/2024\/12\/clases_de_flamenco_en_malaga_marbella_flamencoson.png 600w\" sizes=\"(max-width: 34.9rem) calc(100vw - 2rem), (max-width: 53rem) calc(8 * (100vw \/ 12)), (min-width: 53rem) calc(6 * (100vw \/ 12)), 100vw\" \/>\t\t\t\t\t\t\t\t\t\t\t\t\t\t\t<\/div>\n\t\t\t\t<\/div>\n\t\t\t\t<div class=\"elementor-element elementor-element-8e8abc0 elementor-widget elementor-widget-text-editor\" data-id=\"8e8abc0\" data-element_type=\"widget\" data-e-type=\"widget\" data-widget_type=\"text-editor.default\">\n\t\t\t\t<div class=\"elementor-widget-container\">\n\t\t\t\t\t\t\t\t\t<h2 data-path-to-node=\"4\">\ud83d\udc83 Conoce a Sonia Mar\u00edn: Pasi\u00f3n y Experiencia Real<\/h2><p data-path-to-node=\"5\">Detr\u00e1s de Flamencoson estoy yo, <b data-path-to-node=\"5\" data-index-in-node=\"32\">Sonia Mar\u00edn Fern\u00e1ndez<\/b>, malague\u00f1a y apasionada del arte que define nuestra tierra. Mi misi\u00f3n es que t\u00fa tambi\u00e9n sientas esa fuerza, sin importar de d\u00f3nde vengas o si nunca has bailado antes.\u2728<\/p><h2 data-path-to-node=\"6\">\u00bfPor qu\u00e9 confiar en mi m\u00e9todo? \ud83c\udf93<\/h2><ul data-path-to-node=\"7\"><li><p data-path-to-node=\"7,0,0\"><b data-path-to-node=\"7,0,0\" data-index-in-node=\"0\">M\u00e1s de 34 a\u00f1os de experiencia profesional:<\/b> He dedicado mi vida a la docencia y al escenario. Mi <b data-path-to-node=\"7,0,0\" data-index-in-node=\"96\">M\u00e9todo Flamencoson<\/b> no es teor\u00eda; ha sido testado y perfeccionado con miles de alumnos de todo el mundo.<\/p><\/li><li><p data-path-to-node=\"7,1,0\"><b data-path-to-node=\"7,1,0\" data-index-in-node=\"0\">Sello de Calidad Nacional:<\/b> Tuve el honor de ser seleccionada a nivel nacional para bailar flamenco en el emblem\u00e1tico\u00a0<a href=\"https:\/\/youtu.be\/qgE7z_SxX8U\" target=\"_blank\" rel=\"noopener\">anuncio de Freixenet del a\u00f1o 2000<\/a>, un hito que marc\u00f3 mi carrera y avala mi trayectoria profesional. \ud83e\udd42\ud83d\udc83 [Ver anuncio\u00a0<a href=\"https:\/\/youtu.be\/qgE7z_SxX8U\" target=\"_blank\" rel=\"noopener\">aqu\u00ed<\/a>]<\/p><\/li><li><p data-path-to-node=\"7,2,0\"><b data-path-to-node=\"7,2,0\" data-index-in-node=\"0\">Fundadora de la Escuela Internacional:<\/b> Flamencoson nace para romper barreras. He llevado el baile flamenco a grupos de empresas, estudiantes y familias, convirtiendo cada clase en una fiesta cultural.<\/p><\/li><\/ul><blockquote data-path-to-node=\"8\"><p data-path-to-node=\"8,0\"><i data-path-to-node=\"8,0\" data-index-in-node=\"0\">&#8220;No solo te ense\u00f1o a mover los pies; te ense\u00f1o a sentir el comp\u00e1s y a disfrutar del proceso. Mi mayor orgullo es ver c\u00f3mo mis alumnos terminan la clase con una sonrisa y un v\u00eddeo que guardar\u00e1n para siempre&#8221;.<\/i><\/p><\/blockquote>\t\t\t\t\t\t\t\t<\/div>\n\t\t\t\t<\/div>\n\t\t\t\t<div class=\"elementor-element elementor-element-9d3f1f4 elementor-align-center elementor-widget elementor-widget-button\" data-id=\"9d3f1f4\" data-element_type=\"widget\" data-e-type=\"widget\" data-widget_type=\"button.default\">\n\t\t\t\t<div class=\"elementor-widget-container\">\n\t\t\t\t\t\t\t\t\t<div class=\"elementor-button-wrapper\">\n\t\t\t\t\t<a class=\"elementor-button elementor-button-link elementor-size-md\" href=\"https:\/\/api.whatsapp.com\/send?phone=+34656472296&#038;text=Quiero%20m%C3%A1s%20informaci%C3%B3n%20y%20presupuesto%20de%20las%20clases%20privadas%20de%20Flamencoson\">\n\t\t\t\t\t\t<span class=\"elementor-button-content-wrapper\">\n\t\t\t\t\t\t<span class=\"elementor-button-icon\">\n\t\t\t\t<svg aria-hidden=\"true\" class=\"e-font-icon-svg e-fab-whatsapp\" viewBox=\"0 0 448 512\" xmlns=\"http:\/\/www.w3.org\/2000\/svg\"><path d=\"M380.9 97.1C339 55.1 283.2 32 223.9 32c-122.4 0-222 99.6-222 222 0 39.1 10.2 77.3 29.6 111L0 480l117.7-30.9c32.4 17.7 68.9 27 106.1 27h.1c122.3 0 224.1-99.6 224.1-222 0-59.3-25.2-115-67.1-157zm-157 341.6c-33.2 0-65.7-8.9-94-25.7l-6.7-4-69.8 18.3L72 359.2l-4.4-7c-18.5-29.4-28.2-63.3-28.2-98.2 0-101.7 82.8-184.5 184.6-184.5 49.3 0 95.6 19.2 130.4 54.1 34.8 34.9 56.2 81.2 56.1 130.5 0 101.8-84.9 184.6-186.6 184.6zm101.2-138.2c-5.5-2.8-32.8-16.2-37.9-18-5.1-1.9-8.8-2.8-12.5 2.8-3.7 5.6-14.3 18-17.6 21.8-3.2 3.7-6.5 4.2-12 1.4-32.6-16.3-54-29.1-75.5-66-5.7-9.8 5.7-9.1 16.3-30.3 1.8-3.7.9-6.9-.5-9.7-1.4-2.8-12.5-30.1-17.1-41.2-4.5-10.8-9.1-9.3-12.5-9.5-3.2-.2-6.9-.2-10.6-.2-3.7 0-9.7 1.4-14.8 6.9-5.1 5.6-19.4 19-19.4 46.3 0 27.3 19.9 53.7 22.6 57.4 2.8 3.7 39.1 59.7 94.8 83.8 35.2 15.2 49 16.5 66.6 13.9 10.7-1.6 32.8-13.4 37.4-26.4 4.6-13 4.6-24.1 3.2-26.4-1.3-2.5-5-3.9-10.5-6.6z\"><\/path><\/svg>\t\t\t<\/span>\n\t\t\t\t\t\t\t\t\t<span class=\"elementor-button-text\">Hablar por WhatsApp ahora<\/span>\n\t\t\t\t\t<\/span>\n\t\t\t\t\t<\/a>\n\t\t\t\t<\/div>\n\t\t\t\t\t\t\t\t<\/div>\n\t\t\t\t<\/div>\n\t\t\t\t<div class=\"elementor-element elementor-element-d0ed171 elementor-widget elementor-widget-text-editor\" data-id=\"d0ed171\" data-element_type=\"widget\" data-e-type=\"widget\" data-widget_type=\"text-editor.default\">\n\t\t\t\t<div class=\"elementor-widget-container\">\n\t\t\t\t\t\t\t\t\t<p>Al realizar tu reserva, aceptas nuestra <a class=\"ng-star-inserted\" href=\"https:\/\/flamencoson.com\/politica-de-compra-suscripcion-o-reservas\/#eventos-privados\" target=\"_blank\" rel=\"noopener\" data-hveid=\"0\" data-ved=\"0CAAQ_4QMahgKEwiK78n5kamTAxUAAAAAHQAAAAAQ1AI\">Pol\u00edtica de Reservas para Eventos Privados y Grupos<\/a><\/p>\t\t\t\t\t\t\t\t<\/div>\n\t\t\t\t<\/div>\n\t\t\t\t\t<\/div>\n\t\t<\/div>\n\t\t\t\t\t<\/div>\n\t\t<\/section>\n\t\t\t\t<\/div>\n\t\t","protected":false},"excerpt":{"rendered":"<p>PRIVATE Flamenco Dance Lessons \u00a1Aprende a bailar Rumba Flamenca en menos de 1 hora! &#x1f483;&#x1f525; Clases privadas exclusivas en\u00a0M\u00e1laga, Marbella, Mijas, Fuengirola y Benalm\u00e1dena (Arroyo de la Miel) o a domicilio. Profesionalidad, risas y el aut\u00e9ntico &#8220;duende&#8221; de la Costa del Sol. Experiencias de baile flamenco 100% DIVERSI\u00d3N GARANTIZADA. VER PRECIOS Y DISPONIBILIDAD \u00bfPor qu\u00e9 &hellip; <\/p>\n<p class=\"link-more\"><a href=\"https:\/\/flamencoson.com\/en\/private-flamenco-dance-lessons-2\/\" class=\"more-link\">Continue reading<span class=\"screen-reader-text\"> &#8220;Private Flamenco Dance Lessons&#8221;<\/span><\/a><\/p>\n","protected":false},"author":1,"featured_media":0,"parent":0,"menu_order":0,"comment_status":"closed","ping_status":"closed","template":"","meta":{"footnotes":""},"class_list":["post-36381","page","type-page","status-publish","hentry","entry"],"yoast_head":"<!-- This site is optimized with the Yoast SEO plugin v27.4 - https:\/\/yoast.com\/product\/yoast-seo-wordpress\/ -->\n<title>Private Flamenco Dance Lessons - Flamencoson<\/title>\n<meta name=\"robots\" content=\"index, follow, max-snippet:-1, max-image-preview:large, max-video-preview:-1\" \/>\n<link rel=\"canonical\" href=\"https:\/\/flamencoson.com\/en\/private-flamenco-dance-lessons-2\/\" \/>\n<meta property=\"og:locale\" content=\"en_US\" \/>\n<meta property=\"og:type\" content=\"article\" \/>\n<meta property=\"og:title\" content=\"Private Flamenco Dance Lessons - Flamencoson\" \/>\n<meta property=\"og:description\" content=\"PRIVATE Flamenco Dance Lessons \u00a1Aprende a bailar Rumba Flamenca en menos de 1 hora! &#x1f483;&#x1f525; Clases privadas exclusivas en\u00a0M\u00e1laga, Marbella, Mijas, Fuengirola y Benalm\u00e1dena (Arroyo de la Miel) o a domicilio. Profesionalidad, risas y el aut\u00e9ntico &#8220;duende&#8221; de la Costa del Sol. Experiencias de baile flamenco 100% DIVERSI\u00d3N GARANTIZADA. VER PRECIOS Y DISPONIBILIDAD \u00bfPor qu\u00e9 &hellip; Continue reading &quot;Private Flamenco Dance Lessons&quot;\" \/>\n<meta property=\"og:url\" content=\"https:\/\/flamencoson.com\/en\/private-flamenco-dance-lessons-2\/\" \/>\n<meta property=\"og:site_name\" content=\"Flamencoson\" \/>\n<meta property=\"article:publisher\" content=\"https:\/\/www.facebook.com\/flamencoson\/\" \/>\n<meta property=\"article:modified_time\" content=\"2026-04-27T11:16:05+00:00\" \/>\n<meta property=\"og:image\" content=\"https:\/\/flamencoson.com\/wp-content\/uploads\/2024\/12\/clases_de_flamenco_en_malaga_marbella_flamencoson.png\" \/>\n\t<meta property=\"og:image:width\" content=\"600\" \/>\n\t<meta property=\"og:image:height\" content=\"600\" \/>\n\t<meta property=\"og:image:type\" content=\"image\/png\" \/>\n<meta name=\"twitter:card\" content=\"summary_large_image\" \/>\n<meta name=\"twitter:site\" content=\"@flamencoson\" \/>\n<meta name=\"twitter:label1\" content=\"Est. reading time\" \/>\n\t<meta name=\"twitter:data1\" content=\"9 minutes\" \/>\n<script type=\"application\/ld+json\" class=\"yoast-schema-graph\">{\"@context\":\"https:\\\/\\\/schema.org\",\"@graph\":[{\"@type\":\"WebPage\",\"@id\":\"https:\\\/\\\/flamencoson.com\\\/en\\\/private-flamenco-dance-lessons-2\\\/\",\"url\":\"https:\\\/\\\/flamencoson.com\\\/en\\\/private-flamenco-dance-lessons-2\\\/\",\"name\":\"Private Flamenco Dance Lessons - Flamencoson\",\"isPartOf\":{\"@id\":\"https:\\\/\\\/flamencoson.com\\\/en\\\/#website\"},\"primaryImageOfPage\":{\"@id\":\"https:\\\/\\\/flamencoson.com\\\/en\\\/private-flamenco-dance-lessons-2\\\/#primaryimage\"},\"image\":{\"@id\":\"https:\\\/\\\/flamencoson.com\\\/en\\\/private-flamenco-dance-lessons-2\\\/#primaryimage\"},\"thumbnailUrl\":\"https:\\\/\\\/flamencoson.com\\\/wp-content\\\/uploads\\\/2024\\\/12\\\/clases_de_flamenco_en_malaga_marbella_flamencoson-300x300.png\",\"datePublished\":\"2026-04-27T11:16:02+00:00\",\"dateModified\":\"2026-04-27T11:16:05+00:00\",\"breadcrumb\":{\"@id\":\"https:\\\/\\\/flamencoson.com\\\/en\\\/private-flamenco-dance-lessons-2\\\/#breadcrumb\"},\"inLanguage\":\"en-US\",\"potentialAction\":[{\"@type\":\"ReadAction\",\"target\":[\"https:\\\/\\\/flamencoson.com\\\/en\\\/private-flamenco-dance-lessons-2\\\/\"]}]},{\"@type\":\"ImageObject\",\"inLanguage\":\"en-US\",\"@id\":\"https:\\\/\\\/flamencoson.com\\\/en\\\/private-flamenco-dance-lessons-2\\\/#primaryimage\",\"url\":\"https:\\\/\\\/flamencoson.com\\\/wp-content\\\/uploads\\\/2024\\\/12\\\/clases_de_flamenco_en_malaga_marbella_flamencoson-300x300.png\",\"contentUrl\":\"https:\\\/\\\/flamencoson.com\\\/wp-content\\\/uploads\\\/2024\\\/12\\\/clases_de_flamenco_en_malaga_marbella_flamencoson-300x300.png\"},{\"@type\":\"BreadcrumbList\",\"@id\":\"https:\\\/\\\/flamencoson.com\\\/en\\\/private-flamenco-dance-lessons-2\\\/#breadcrumb\",\"itemListElement\":[{\"@type\":\"ListItem\",\"position\":1,\"name\":\"Portada\",\"item\":\"https:\\\/\\\/flamencoson.com\\\/en\\\/\"},{\"@type\":\"ListItem\",\"position\":2,\"name\":\"Private Flamenco Dance Lessons\"}]},{\"@type\":\"WebSite\",\"@id\":\"https:\\\/\\\/flamencoson.com\\\/en\\\/#website\",\"url\":\"https:\\\/\\\/flamencoson.com\\\/en\\\/\",\"name\":\"Flamencoson\",\"description\":\"Clases de baile flamenco online y presenciales\",\"publisher\":{\"@id\":\"https:\\\/\\\/flamencoson.com\\\/en\\\/#organization\"},\"potentialAction\":[{\"@type\":\"SearchAction\",\"target\":{\"@type\":\"EntryPoint\",\"urlTemplate\":\"https:\\\/\\\/flamencoson.com\\\/en\\\/?s={search_term_string}\"},\"query-input\":{\"@type\":\"PropertyValueSpecification\",\"valueRequired\":true,\"valueName\":\"search_term_string\"}}],\"inLanguage\":\"en-US\"},{\"@type\":\"Organization\",\"@id\":\"https:\\\/\\\/flamencoson.com\\\/en\\\/#organization\",\"name\":\"Flamencoson\",\"url\":\"https:\\\/\\\/flamencoson.com\\\/en\\\/\",\"logo\":{\"@type\":\"ImageObject\",\"inLanguage\":\"en-US\",\"@id\":\"https:\\\/\\\/flamencoson.com\\\/en\\\/#\\\/schema\\\/logo\\\/image\\\/\",\"url\":\"https:\\\/\\\/flamencoson.com\\\/wp-content\\\/uploads\\\/2020\\\/04\\\/cursos-de-flamenco-online-logo-flamencoson.jpg\",\"contentUrl\":\"https:\\\/\\\/flamencoson.com\\\/wp-content\\\/uploads\\\/2020\\\/04\\\/cursos-de-flamenco-online-logo-flamencoson.jpg\",\"width\":768,\"height\":1299,\"caption\":\"Flamencoson\"},\"image\":{\"@id\":\"https:\\\/\\\/flamencoson.com\\\/en\\\/#\\\/schema\\\/logo\\\/image\\\/\"},\"sameAs\":[\"https:\\\/\\\/www.facebook.com\\\/flamencoson\\\/\",\"https:\\\/\\\/x.com\\\/flamencoson\",\"https:\\\/\\\/www.instagram.com\\\/flamencoson\\\/channel\\\/\",\"https:\\\/\\\/www.linkedin.com\\\/company\\\/flamencoson\",\"https:\\\/\\\/www.youtube.com\\\/Flamencoson\\\/?sub_confirmation=1\",\"https:\\\/\\\/es.wikipedia.org\\\/wiki\\\/Archivo:Sonia_Mar\u00edn_Fern\u00e1ndez_Flamencoson.jpg\"]}]}<\/script>\n<!-- \/ Yoast SEO plugin. -->","yoast_head_json":{"title":"Private Flamenco Dance Lessons - Flamencoson","robots":{"index":"index","follow":"follow","max-snippet":"max-snippet:-1","max-image-preview":"max-image-preview:large","max-video-preview":"max-video-preview:-1"},"canonical":"https:\/\/flamencoson.com\/en\/private-flamenco-dance-lessons-2\/","og_locale":"en_US","og_type":"article","og_title":"Private Flamenco Dance Lessons - Flamencoson","og_description":"PRIVATE Flamenco Dance Lessons \u00a1Aprende a bailar Rumba Flamenca en menos de 1 hora! &#x1f483;&#x1f525; Clases privadas exclusivas en\u00a0M\u00e1laga, Marbella, Mijas, Fuengirola y Benalm\u00e1dena (Arroyo de la Miel) o a domicilio. Profesionalidad, risas y el aut\u00e9ntico &#8220;duende&#8221; de la Costa del Sol. Experiencias de baile flamenco 100% DIVERSI\u00d3N GARANTIZADA. VER PRECIOS Y DISPONIBILIDAD \u00bfPor qu\u00e9 &hellip; Continue reading \"Private Flamenco Dance Lessons\"","og_url":"https:\/\/flamencoson.com\/en\/private-flamenco-dance-lessons-2\/","og_site_name":"Flamencoson","article_publisher":"https:\/\/www.facebook.com\/flamencoson\/","article_modified_time":"2026-04-27T11:16:05+00:00","og_image":[{"width":600,"height":600,"url":"https:\/\/flamencoson.com\/wp-content\/uploads\/2024\/12\/clases_de_flamenco_en_malaga_marbella_flamencoson.png","type":"image\/png"}],"twitter_card":"summary_large_image","twitter_site":"@flamencoson","twitter_misc":{"Est. reading time":"9 minutes"},"schema":{"@context":"https:\/\/schema.org","@graph":[{"@type":"WebPage","@id":"https:\/\/flamencoson.com\/en\/private-flamenco-dance-lessons-2\/","url":"https:\/\/flamencoson.com\/en\/private-flamenco-dance-lessons-2\/","name":"Private Flamenco Dance Lessons - Flamencoson","isPartOf":{"@id":"https:\/\/flamencoson.com\/en\/#website"},"primaryImageOfPage":{"@id":"https:\/\/flamencoson.com\/en\/private-flamenco-dance-lessons-2\/#primaryimage"},"image":{"@id":"https:\/\/flamencoson.com\/en\/private-flamenco-dance-lessons-2\/#primaryimage"},"thumbnailUrl":"https:\/\/flamencoson.com\/wp-content\/uploads\/2024\/12\/clases_de_flamenco_en_malaga_marbella_flamencoson-300x300.png","datePublished":"2026-04-27T11:16:02+00:00","dateModified":"2026-04-27T11:16:05+00:00","breadcrumb":{"@id":"https:\/\/flamencoson.com\/en\/private-flamenco-dance-lessons-2\/#breadcrumb"},"inLanguage":"en-US","potentialAction":[{"@type":"ReadAction","target":["https:\/\/flamencoson.com\/en\/private-flamenco-dance-lessons-2\/"]}]},{"@type":"ImageObject","inLanguage":"en-US","@id":"https:\/\/flamencoson.com\/en\/private-flamenco-dance-lessons-2\/#primaryimage","url":"https:\/\/flamencoson.com\/wp-content\/uploads\/2024\/12\/clases_de_flamenco_en_malaga_marbella_flamencoson-300x300.png","contentUrl":"https:\/\/flamencoson.com\/wp-content\/uploads\/2024\/12\/clases_de_flamenco_en_malaga_marbella_flamencoson-300x300.png"},{"@type":"BreadcrumbList","@id":"https:\/\/flamencoson.com\/en\/private-flamenco-dance-lessons-2\/#breadcrumb","itemListElement":[{"@type":"ListItem","position":1,"name":"Portada","item":"https:\/\/flamencoson.com\/en\/"},{"@type":"ListItem","position":2,"name":"Private Flamenco Dance Lessons"}]},{"@type":"WebSite","@id":"https:\/\/flamencoson.com\/en\/#website","url":"https:\/\/flamencoson.com\/en\/","name":"Flamencoson","description":"Clases de baile flamenco online y presenciales","publisher":{"@id":"https:\/\/flamencoson.com\/en\/#organization"},"potentialAction":[{"@type":"SearchAction","target":{"@type":"EntryPoint","urlTemplate":"https:\/\/flamencoson.com\/en\/?s={search_term_string}"},"query-input":{"@type":"PropertyValueSpecification","valueRequired":true,"valueName":"search_term_string"}}],"inLanguage":"en-US"},{"@type":"Organization","@id":"https:\/\/flamencoson.com\/en\/#organization","name":"Flamencoson","url":"https:\/\/flamencoson.com\/en\/","logo":{"@type":"ImageObject","inLanguage":"en-US","@id":"https:\/\/flamencoson.com\/en\/#\/schema\/logo\/image\/","url":"https:\/\/flamencoson.com\/wp-content\/uploads\/2020\/04\/cursos-de-flamenco-online-logo-flamencoson.jpg","contentUrl":"https:\/\/flamencoson.com\/wp-content\/uploads\/2020\/04\/cursos-de-flamenco-online-logo-flamencoson.jpg","width":768,"height":1299,"caption":"Flamencoson"},"image":{"@id":"https:\/\/flamencoson.com\/en\/#\/schema\/logo\/image\/"},"sameAs":["https:\/\/www.facebook.com\/flamencoson\/","https:\/\/x.com\/flamencoson","https:\/\/www.instagram.com\/flamencoson\/channel\/","https:\/\/www.linkedin.com\/company\/flamencoson","https:\/\/www.youtube.com\/Flamencoson\/?sub_confirmation=1","https:\/\/es.wikipedia.org\/wiki\/Archivo:Sonia_Mar\u00edn_Fern\u00e1ndez_Flamencoson.jpg"]}]}},"_links":{"self":[{"href":"https:\/\/flamencoson.com\/en\/wp-json\/wp\/v2\/pages\/36381","targetHints":{"allow":["GET"]}}],"collection":[{"href":"https:\/\/flamencoson.com\/en\/wp-json\/wp\/v2\/pages"}],"about":[{"href":"https:\/\/flamencoson.com\/en\/wp-json\/wp\/v2\/types\/page"}],"author":[{"embeddable":true,"href":"https:\/\/flamencoson.com\/en\/wp-json\/wp\/v2\/users\/1"}],"replies":[{"embeddable":true,"href":"https:\/\/flamencoson.com\/en\/wp-json\/wp\/v2\/comments?post=36381"}],"version-history":[{"count":1,"href":"https:\/\/flamencoson.com\/en\/wp-json\/wp\/v2\/pages\/36381\/revisions"}],"predecessor-version":[{"id":36389,"href":"https:\/\/flamencoson.com\/en\/wp-json\/wp\/v2\/pages\/36381\/revisions\/36389"}],"wp:attachment":[{"href":"https:\/\/flamencoson.com\/en\/wp-json\/wp\/v2\/media?parent=36381"}],"curies":[{"name":"wp","href":"https:\/\/api.w.org\/{rel}","templated":true}]}}